{"id":7149,"date":"2022-12-12T09:26:43","date_gmt":"2022-12-12T08:26:43","guid":{"rendered":"https:\/\/www.aiguesmanresa.cat\/la-sequia-en-el-ambito-de-aigues-manresa\/el-semaforo-de-la-sequia-y-restricciones\/"},"modified":"2024-06-10T11:22:48","modified_gmt":"2024-06-10T09:22:48","slug":"el-semaforo-de-la-sequia-y-restricciones","status":"publish","type":"page","link":"https:\/\/www.aiguesmanresa.cat\/es\/la-sequia-en-el-ambito-de-aigues-manresa\/el-semaforo-de-la-sequia-y-restricciones\/","title":{"rendered":"El sem\u00e1foro de la sequ\u00eda y restricciones"},"content":{"rendered":"<p>[et_pb_section fb_built=\u00bb1&#8243; next_background_color=\u00bb#ffffff\u00bb _builder_version=\u00bb4.17.4&#8243; _module_preset=\u00bbdefault\u00bb background_color=\u00bb#f7f7f7&#8243; custom_padding=\u00bb21px|||||\u00bb bottom_divider_style=\u00bbarrow\u00bb bottom_divider_height=\u00bb50px\u00bb global_colors_info=\u00bb{}\u00bb][et_pb_row _builder_version=\u00bb4.17.4&#8243; _module_preset=\u00bbdefault\u00bb global_colors_info=\u00bb{}\u00bb][et_pb_column type=\u00bb4_4&#8243; _builder_version=\u00bb4.17.4&#8243; _module_preset=\u00bbdefault\u00bb global_colors_info=\u00bb{}\u00bb][et_pb_text _builder_version=\u00bb4.17.4&#8243; _module_preset=\u00bbfcb0796c-a4c0-4d50-a5cc-5830127e6564&#8243; global_colors_info=\u00bb{}\u00bb]<\/p>\n<h2>El sem\u00e1foro de la sequ\u00eda y restricciones<\/h2>\n<p>[\/et_pb_text][et_pb_text _builder_version=\u00bb4.17.4&#8243; _module_preset=\u00bbdefault\u00bb text_font_size=\u00bb1rem\u00bb global_colors_info=\u00bb{}\u00bb]<\/p>\n<p>Cada fase cuenta con una serie de restricciones, y acciones a realizar. <strong>Las fases son las siguientes:<\/strong><\/p>\n<p>[\/et_pb_text][\/et_pb_column][\/et_pb_row][et_pb_row column_structure=\u00bb1_3,1_3,1_3&#8243; use_custom_gutter=\u00bbon\u00bb gutter_width=\u00bb1&#8243; make_equal=\u00bbon\u00bb _builder_version=\u00bb4.22.2&#8243; _module_preset=\u00bbdefault\u00bb custom_padding=\u00bb0px||0px|||\u00bb global_colors_info=\u00bb{}\u00bb][et_pb_column type=\u00bb1_3&#8243; _builder_version=\u00bb4.19.5&#8243; _module_preset=\u00bbdefault\u00bb background_color=\u00bbgcid-d4e3b620-d47c-464a-8913-89495d263591&#8243; global_colors_info=\u00bb{%22gcid-d4e3b620-d47c-464a-8913-89495d263591%22:%91%22background_color%22%93}\u00bb][et_pb_cta title=\u00bbNormalidad\u00bb _builder_version=\u00bb4.17.4&#8243; _module_preset=\u00bbdefault\u00bb background_color=\u00bbgcid-d4e3b620-d47c-464a-8913-89495d263591&#8243; custom_button=\u00bbon\u00bb button_text_size=\u00bb1rem\u00bb global_colors_info=\u00bb{%22gcid-d4e3b620-d47c-464a-8913-89495d263591%22:%91%22background_color%22%93}\u00bb button_text_color__hover_enabled=\u00bbon|hover\u00bb button_text_color__hover=\u00bb#FFFFFF\u00bb]<\/p>\n<p>Es la situaci\u00f3n habitual, con reservas suficientes para garantizar todos los usos regulares de la poblaci\u00f3n y las empresas.<\/p>\n<p>[\/et_pb_cta][\/et_pb_column][et_pb_column type=\u00bb1_3&#8243; _builder_version=\u00bb4.19.5&#8243; _module_preset=\u00bbdefault\u00bb background_color=\u00bbgcid-8f1ed11d-994f-4a0f-99d6-946f86646d10&#8243; global_colors_info=\u00bb{%22gcid-8f1ed11d-994f-4a0f-99d6-946f86646d10%22:%91%22background_color%22%93}\u00bb][et_pb_cta title=\u00bbPrealerta\u00bb _builder_version=\u00bb4.17.4&#8243; _module_preset=\u00bbdefault\u00bb background_color=\u00bbgcid-8f1ed11d-994f-4a0f-99d6-946f86646d10&#8243; custom_button=\u00bbon\u00bb button_text_size=\u00bb1rem\u00bb global_colors_info=\u00bb{%22gcid-8f1ed11d-994f-4a0f-99d6-946f86646d10%22:%91%22background_color%22%93}\u00bb button_text_color__hover=\u00bb#FFFFFF\u00bb button_text_color__hover_enabled=\u00bbon|hover\u00bb]<\/p>\n<p>Esta fase no comporta limitaciones a las personas usuarias, pero s\u00ed acciones preparatorias de organizaci\u00f3n interna y de comunicaci\u00f3n de datos. Tiene un car\u00e1cter meramente informativo para el p\u00fablico en general y preventivo a nivel interno de los municipios.<\/p>\n<p>[\/et_pb_cta][\/et_pb_column][et_pb_column type=\u00bb1_3&#8243; _builder_version=\u00bb4.19.5&#8243; _module_preset=\u00bbdefault\u00bb background_color=\u00bbgcid-ac9e0c3a-77a8-4de3-a645-4bed0810afb2&#8243; global_colors_info=\u00bb{%22gcid-ac9e0c3a-77a8-4de3-a645-4bed0810afb2%22:%91%22background_color%22%93}\u00bb][et_pb_cta title=\u00bbAlerta\u00bb button_url=\u00bb#restriccions-fase-alerta\u00bb button_text=\u00bbRestricciones\u00bb _builder_version=\u00bb4.19.5&#8243; _module_preset=\u00bbdefault\u00bb header_text_color=\u00bb#000000&#8243; body_text_color=\u00bb#000000&#8243; background_color=\u00bbgcid-ac9e0c3a-77a8-4de3-a645-4bed0810afb2&#8243; custom_button=\u00bbon\u00bb button_text_size=\u00bb1rem\u00bb button_text_color=\u00bb#000000&#8243; background_layout=\u00bblight\u00bb global_colors_info=\u00bb{%22gcid-ac9e0c3a-77a8-4de3-a645-4bed0810afb2%22:%91%22background_color%22%93}\u00bb button_text_color__hover=\u00bb#000000&#8243; button_text_color__hover_enabled=\u00bbon|hover\u00bb]<\/p>\n<p>Se despliegan medidas de ahorro en los diferentes usos y se incrementa la producci\u00f3n de recursos no convencionales y de extracciones subterr\u00e1neas. Se reducen los desembalsos.<\/p>\n<p>[\/et_pb_cta][\/et_pb_column][\/et_pb_row][et_pb_row column_structure=\u00bb1_3,1_3,1_3&#8243; use_custom_gutter=\u00bbon\u00bb gutter_width=\u00bb1&#8243; make_equal=\u00bbon\u00bb _builder_version=\u00bb4.22.2&#8243; _module_preset=\u00bbdefault\u00bb custom_padding=\u00bb0px|||||\u00bb global_colors_info=\u00bb{}\u00bb][et_pb_column type=\u00bb1_3&#8243; _builder_version=\u00bb4.22.2&#8243; _module_preset=\u00bbdefault\u00bb background_color=\u00bb#ee7620&#8243; global_colors_info=\u00bb{}\u00bb][et_pb_cta title=\u00bbExcepcionalidad\u00bb button_url=\u00bb#restriccions-fase-excepcionalitat\u00bb button_text=\u00bbRestricciones\u00bb _builder_version=\u00bb4.19.5&#8243; _module_preset=\u00bbdefault\u00bb header_text_color=\u00bb#000000&#8243; body_text_color=\u00bb#000000&#8243; background_color=\u00bb#EE7620&#8243; custom_button=\u00bbon\u00bb button_text_size=\u00bb1rem\u00bb button_text_color=\u00bb#000000&#8243; background_layout=\u00bblight\u00bb global_colors_info=\u00bb{}\u00bb button_text_color__hover=\u00bb#000000&#8243; button_text_color__hover_enabled=\u00bbon|hover\u00bb]<\/p>\n<p>Se intensifican las reducciones en usos no prioritarios y existe una mayor reducci\u00f3n de los desembalsos. Se activan los recursos no convencionales en su totalidad y las extracciones subterr\u00e1neas. Se proh\u00edben determinados usos en zonas urbanas.<\/p>\n<p>[\/et_pb_cta][\/et_pb_column][et_pb_column type=\u00bb1_3&#8243; _builder_version=\u00bb4.22.2&#8243; _module_preset=\u00bbdefault\u00bb background_color=\u00bbgcid-27fd01b3-2609-4f2d-a02b-0759044015f3&#8243; global_colors_info=\u00bb{%22gcid-27fd01b3-2609-4f2d-a02b-0759044015f3%22:%91%22background_color%22%93}\u00bb][et_pb_cta title=\u00bbPreemergencia\u00bb button_url=\u00bb#restriccions-fase-preemergencia\u00bb button_text=\u00bbRestricciones\u00bb _builder_version=\u00bb4.22.2&#8243; _module_preset=\u00bbdefault\u00bb background_color=\u00bbgcid-27fd01b3-2609-4f2d-a02b-0759044015f3&#8243; custom_button=\u00bbon\u00bb button_text_size=\u00bb1rem\u00bb global_colors_info=\u00bb{%22gcid-27fd01b3-2609-4f2d-a02b-0759044015f3%22:%91%22background_color%22%93}\u00bb button_text_color__hover=\u00bb#FFFFFF\u00bb button_text_color__hover_enabled=\u00bbon|hover\u00bb]<\/p>\n<p>Se mantienen las restricciones en estado de excepcionalidad, con modificaciones en dos puntos: consumo m\u00e1ximo por habitante y d\u00eda, y el riego de los campos de deporte federado.<\/p>\n<p>[\/et_pb_cta][\/et_pb_column][et_pb_column type=\u00bb1_3&#8243; _builder_version=\u00bb4.22.2&#8243; _module_preset=\u00bbdefault\u00bb background_color=\u00bbgcid-7878ba20-f717-4a9a-a958-4c602a9da66c\u00bb global_colors_info=\u00bb{%22gcid-7878ba20-f717-4a9a-a958-4c602a9da66c%22:%91%22background_color%22%93}\u00bb][et_pb_cta title=\u00bbEmergencia\u00bb button_url=\u00bb#restriccions-fase-emergencia\u00bb button_text=\u00bbRestricciones fase I\u00bb _builder_version=\u00bb4.23.4&#8243; _module_preset=\u00bbdefault\u00bb background_color=\u00bbgcid-7878ba20-f717-4a9a-a958-4c602a9da66c\u00bb custom_button=\u00bbon\u00bb button_text_size=\u00bb1rem\u00bb global_colors_info=\u00bb{%22gcid-7878ba20-f717-4a9a-a958-4c602a9da66c%22:%91%22background_color%22%93}\u00bb button_text_color__hover=\u00bb#FFFFFF\u00bb button_text_color__hover_enabled=\u00bbon|hover\u00bb]<\/p>\n<p>Se producen restricciones a todos los usos, incluidos los urbanos, crecientes con el empeoramiento del episodio.<\/p>\n<p>[\/et_pb_cta][\/et_pb_column][\/et_pb_row][\/et_pb_section][et_pb_section fb_built=\u00bb1&#8243; admin_label=\u00bbRestriccions Fase alerta\u00bb module_id=\u00bbrestriccions-fase-alerta\u00bb _builder_version=\u00bb4.19.5&#8243; _module_preset=\u00bbdefault\u00bb global_colors_info=\u00bb{}\u00bb][et_pb_row column_structure=\u00bb1_3,2_3&#8243; _builder_version=\u00bb4.17.4&#8243; _module_preset=\u00bbdefault\u00bb custom_padding=\u00bb0px||0px||true|false\u00bb global_colors_info=\u00bb{}\u00bb][et_pb_column type=\u00bb1_3&#8243; _builder_version=\u00bb4.17.4&#8243; _module_preset=\u00bbdefault\u00bb global_colors_info=\u00bb{}\u00bb][et_pb_cta title=\u00bbRestricciones en Fase de Alerta\u00bb _builder_version=\u00bb4.19.5&#8243; _module_preset=\u00bbdefault\u00bb header_font=\u00bb|||on|||||\u00bb header_text_color=\u00bb#000000&#8243; body_text_color=\u00bb#000000&#8243; background_color=\u00bbgcid-ac9e0c3a-77a8-4de3-a645-4bed0810afb2&#8243; custom_button=\u00bbon\u00bb button_text_size=\u00bb1rem\u00bb button_text_color=\u00bb#000000&#8243; background_layout=\u00bblight\u00bb sticky_position=\u00bbtop\u00bb sticky_offset_top=\u00bb100px\u00bb sticky_limit_bottom=\u00bbrow\u00bb box_shadow_style=\u00bbpreset5&#8243; box_shadow_vertical=\u00bb-1px\u00bb box_shadow_color=\u00bbrgba(0,0,0,0.15)\u00bb global_colors_info=\u00bb{%22gcid-ac9e0c3a-77a8-4de3-a645-4bed0810afb2%22:%91%22background_color%22%93}\u00bb button_text_color__hover=\u00bb#000000&#8243; button_text_color__hover_enabled=\u00bbon|hover\u00bb]<\/p>\n<p>Se despliegan medidas de ahorro en los diferentes usos y se incrementa la producci\u00f3n de recursos no convencionales y de extracciones subterr\u00e1neas. Se reducen los desembalsos.<\/p>\n<p>[\/et_pb_cta][\/et_pb_column][et_pb_column type=\u00bb2_3&#8243; _builder_version=\u00bb4.17.4&#8243; _module_preset=\u00bbdefault\u00bb global_colors_info=\u00bb{}\u00bb][et_pb_toggle title=\u00bbRiego (p\u00fablico y privado)\u00bb _builder_version=\u00bb4.17.4&#8243; _module_preset=\u00bbdefault\u00bb global_colors_info=\u00bb{}\u00bb]<\/p>\n<p>El riego de jardines y zonas verdes, tanto de car\u00e1cter p\u00fablico como particular, debe realizarse s\u00f3lo en el horario de menor insolaci\u00f3n (de 20h a 8h).<\/p>\n<p>La dotaci\u00f3n para riego debe ser la m\u00ednima indispensable adapt\u00e1ndose en todo momento a las condiciones de temperatura y humedad. Evitar el riego durante momentos de lluvia, ya sea utilizando sensores autom\u00e1ticos o mediante otras formas de supervisi\u00f3n del riego. En cualquier caso, no puede superarse una dotaci\u00f3n de 450 m<sup>3<\/sup>\/ha\/mes.<\/p>\n<p>El riego de los jardines particulares puede realizarse, como m\u00e1ximo, dos d\u00edas cada semana. Las entidades locales deben determinar la pauta de alternancia. Por defecto, las viviendas con numeraci\u00f3n pareja o sin numeraci\u00f3n pueden regar los mi\u00e9rcoles y los s\u00e1bados, y las que tengan numeraci\u00f3n impar los jueves y domingos.<\/p>\n<p>[\/et_pb_toggle][et_pb_toggle title=\u00bbPiscinas\u00bb _builder_version=\u00bb4.19.5&#8243; _module_preset=\u00bbdefault\u00bb global_colors_info=\u00bb{}\u00bb]<\/p>\n<p>La utilizaci\u00f3n de agua para el llenado de piscinas queda limitada a los siguientes casos:<\/p>\n<ul style=\"padding-bottom: 10px;\">\n<li>El relleno parcial de piscinas que dispongan de un sistema de recirculaci\u00f3n del agua, en las cantidades indispensables para reponer las p\u00e9rdidas de agua por evaporaci\u00f3n y limpieza de filtros y para garantizar la calidad sanitaria del agua.<\/li>\n<li>El primer llenado de piscinas de nueva construcci\u00f3n.<\/li>\n<li>En centros educativos, el llenado completo o parcial de piscinas desmontables de capacidad inferior a 500 litros destinadas al ba\u00f1o de ni\u00f1os.<\/li>\n<\/ul>\n<p>[\/et_pb_toggle][et_pb_toggle title=\u00bbLimpieza de calles, mobiliario urbano&#8230;\u00bb _builder_version=\u00bb4.17.4&#8243; _module_preset=\u00bbdefault\u00bb global_colors_info=\u00bb{}\u00bb]<\/p>\n<p>Se proh\u00edbe a los particulares la limpieza de calles, pavimentos, fachadas y similares utilizando mangas de agua u otros sistemas que utilicen una l\u00e1mina de agua para arrastrar la suciedad. La prohibici\u00f3n no incluye la limpieza con fregona, con cubo y esponja o con sistemas de limpieza de alta presi\u00f3n.<\/p>\n<p>Los servicios municipales deben realizar la limpieza con el m\u00ednimo gasto de agua indispensable y priorizando, cuando sea posible, el uso de agua no procedente de la red de abastecimiento de agua potable.<\/p>\n<p>[\/et_pb_toggle][et_pb_toggle title=\u00bbLimpieza de veh\u00edculos\u00bb _builder_version=\u00bb4.17.4&#8243; _module_preset=\u00bbdefault\u00bb global_colors_info=\u00bb{}\u00bb]<\/p>\n<p>La limpieza de cualquier tipo de veh\u00edculo queda limitada a los siguientes casos:<\/p>\n<ul style=\"padding-bottom: 10px;\">\n<li>Limpieza en establecimientos comerciales dedicados a esta actividad que cuentan con sistemas de recirculaci\u00f3n del agua.<\/li>\n<li>Fuera de los establecimientos comerciales se permite \u00fanicamente la limpieza de los cristales, espejos, retrovisores, luces y placas de matr\u00edcula mediante el uso de esponja y cubo.<\/li>\n<li>Tambi\u00e9n se permite la limpieza de veh\u00edculos fuera de establecimientos comerciales si es necesario para mantener la seguridad y salud de las personas y animales. Dentro de esta categor\u00eda se incluyen los veh\u00edculos de transporte de comida, transporte de animales (vivos o fallecidos), ambulancias, veh\u00edculos m\u00e9dicos y transporte de medicamentos, as\u00ed como los veh\u00edculos de transporte de residuos. En cualquier caso, la limpieza se realizar\u00e1 con la m\u00ednima utilizaci\u00f3n de agua posible.<\/li>\n<\/ul>\n<p>[\/et_pb_toggle][et_pb_toggle title=\u00bbFuentes ornamentales\u00bb _builder_version=\u00bb4.17.4&#8243; _module_preset=\u00bbdefault\u00bb global_colors_info=\u00bb{}\u00bb]<\/p>\n<p>Resto prohibido el llenado total o parcial de fuentes ornamentales, lagos artificiales y otros elementos de uso est\u00e9tico del agua.<\/p>\n<p>Como excepci\u00f3n a la anterior, en lagos artificiales que hagan de soporte vital de vida acu\u00e1tica se permite el m\u00ednimo uso del agua imprescindible para el mantenimiento de la misma. En cualquier caso se debe estudiar y, si es viable, debe realizarse el traslado y\/o la concentraci\u00f3n de la vida acu\u00e1tica afectada a aquel entorno que asegure su m\u00e1xima supervivencia con el m\u00ednimo consumo de agua.<\/p>\n<p>[\/et_pb_toggle][et_pb_toggle title=\u00bbEliminaci\u00f3n de polvo en el aire\u00bb _builder_version=\u00bb4.17.4&#8243; _module_preset=\u00bbdefault\u00bb global_colors_info=\u00bb{}\u00bb]<\/p>\n<p>Se proh\u00edbe la utilizaci\u00f3n de agua para la eliminaci\u00f3n de polvo y materia en suspensi\u00f3n en el aire.<\/p>\n<p>[\/et_pb_toggle][et_pb_toggle title=\u00bbGranjas\u00bb _builder_version=\u00bb4.17.4&#8243; _module_preset=\u00bbdefault\u00bb global_colors_info=\u00bb{}\u00bb]<\/p>\n<p>El uso en granjas de agua procedente de la red de abastecimiento de agua potable queda limitado a las cantidades necesarias para el abrevado y limpieza de los animales, as\u00ed como para la limpieza del recinto. Para este \u00faltimo uso se deben utilizar s\u00f3lo las cantidades imprescindibles para mantener las condiciones sanitarias y s\u00f3lo en caso de que no se disponga de una fuente alternativa y exclusivamente mediante sistemas de limpieza a presi\u00f3n u otros de eficacia equivalente.<\/p>\n<p>[\/et_pb_toggle][\/et_pb_column][\/et_pb_row][\/et_pb_section][et_pb_section fb_built=\u00bb1&#8243; admin_label=\u00bbRestriccions Fase alerta\u00bb module_id=\u00bbrestriccions-fase-excepcionalitat\u00bb _builder_version=\u00bb4.19.5&#8243; _module_preset=\u00bbdefault\u00bb global_colors_info=\u00bb{}\u00bb][et_pb_row column_structure=\u00bb1_3,2_3&#8243; _builder_version=\u00bb4.17.4&#8243; _module_preset=\u00bbdefault\u00bb custom_padding=\u00bb0px||0px||true|false\u00bb global_colors_info=\u00bb{}\u00bb][et_pb_column type=\u00bb1_3&#8243; _builder_version=\u00bb4.17.4&#8243; _module_preset=\u00bbdefault\u00bb global_colors_info=\u00bb{}\u00bb][et_pb_cta title=\u00bbRestriccions en Fase de Excepcionalidad\u00bb _builder_version=\u00bb4.22.2&#8243; _module_preset=\u00bbdefault\u00bb header_font=\u00bb|||on|||||\u00bb header_text_color=\u00bb#000000&#8243; body_text_color=\u00bb#000000&#8243; background_color=\u00bbgcid-1ad1fbb0-13a6-4d3b-94b3-a68dc553ed48&#8243; custom_button=\u00bbon\u00bb button_text_size=\u00bb1rem\u00bb button_text_color=\u00bb#000000&#8243; background_layout=\u00bblight\u00bb sticky_position=\u00bbtop\u00bb sticky_offset_top=\u00bb100px\u00bb sticky_limit_bottom=\u00bbrow\u00bb box_shadow_style=\u00bbpreset5&#8243; box_shadow_vertical=\u00bb-1px\u00bb box_shadow_color=\u00bbrgba(0,0,0,0.15)\u00bb global_colors_info=\u00bb{%22gcid-1ad1fbb0-13a6-4d3b-94b3-a68dc553ed48%22:%91%22background_color%22%93}\u00bb button_text_color__hover=\u00bb#000000&#8243; button_text_color__hover_enabled=\u00bbon|hover\u00bb]<\/p>\n<p>Se intensifican las reducciones en usos no prioritarios y existe una mayor reducci\u00f3n de los desembalsos. Se activan los recursos no convencionales en su totalidad y las extracciones subterr\u00e1neas. Se proh\u00edben determinados usos en zonas urbanas.<\/p>\n<p>[\/et_pb_cta][\/et_pb_column][et_pb_column type=\u00bb2_3&#8243; _builder_version=\u00bb4.17.4&#8243; _module_preset=\u00bbdefault\u00bb global_colors_info=\u00bb{}\u00bb][et_pb_toggle title=\u00bbRiego agr\u00edcola\u00bb _builder_version=\u00bb4.19.5&#8243; _module_preset=\u00bbdefault\u00bb global_colors_info=\u00bb{}\u00bb]<\/p>\n<p>Reducci\u00f3n de la dotaci\u00f3n de riego agr\u00edcola en un 40% o la sustituci\u00f3n de parte de los caudales destinados a riego agr\u00edcola por aguas regeneradas.<\/p>\n<p>[\/et_pb_toggle][et_pb_toggle title=\u00bbGranjas\u00bb _builder_version=\u00bb4.19.5&#8243; _module_preset=\u00bbdefault\u00bb global_colors_info=\u00bb{}\u00bb]<\/p>\n<p>El uso de agua procedente de la red de abastecimiento de agua potable queda limitado a las cantidades necesarias para el abrevado y limpieza de los animales, as\u00ed como para la limpieza del recinto, en este \u00faltimo caso, s\u00f3lo las cantidades imprescindibles para mantener las condiciones sanitarias y s\u00f3lo en caso de que no se disponga de una fuente alternativa y exclusivamente mediante sistemas de limpieza a presi\u00f3n u otros de eficacia equivalente.<\/p>\n<p>[\/et_pb_toggle][et_pb_toggle title=\u00bbUsos industriales\u00bb _builder_version=\u00bb4.19.5&#8243; _module_preset=\u00bbdefault\u00bb global_colors_info=\u00bb{}\u00bb]<\/p>\n<p>Reducci\u00f3n del 15% de los consumos de agua de los usuarios industriales.<\/p>\n<p>[\/et_pb_toggle][et_pb_toggle title=\u00bbRiego de jardines y zonas verdes (p\u00fablicos y privados)\u00bb _builder_version=\u00bb4.19.5&#8243; _module_preset=\u00bbdefault\u00bb global_colors_info=\u00bb{}\u00bb]<\/p>\n<p>Se proh\u00edbe regar zonas verdes y jardines p\u00fablicos y privados, excepto por supervivencia de \u00e1rboles o de plantas. Este riego debe realizarse con la m\u00ednima cantidad de agua indispensable, de 20 ha 8 h, y s\u00f3lo mediante riego gota a gota o regadera.<\/p>\n<p>El riego de c\u00e9sped queda prohibido en todos los casos, excepto en superficies destinadas a la pr\u00e1ctica federada del deporte, el riego de c\u00e9sped se puede mantener en las cantidades m\u00ednimas necesarias para permitirlo, sin superar la dotaci\u00f3n m\u00e1xima de 450 m<sup>3<\/sup>\/ha\/mes.<\/p>\n<p>La prohibici\u00f3n del riego no se aplica al riego con aguas de lluvia recogidas en tejados ni al riego con aguas regeneradas procedentes de depuradora.<\/p>\n<p>[\/et_pb_toggle][et_pb_toggle title=\u00bbLimpieza de calles y mobiliario urbano\u00bb _builder_version=\u00bb4.19.5&#8243; _module_preset=\u00bbdefault\u00bb global_colors_info=\u00bb{}\u00bb]<\/p>\n<p>Se proh\u00edbe la limpieza con agua potable de calles, alcantarillado, pavimentos, fachadas y similares, ya sean p\u00fablicos o particulares excepto si la limpieza es resultado de un accidente, de un incendio, existe un riesgo sanitario o un riesgo en la seguridad vial. En estas circunstancias, la limpieza se realizar\u00e1 con el m\u00ednimo de agua indispensable.<\/p>\n<p>S\u00ed permite la limpieza de escaparates y ventanas con cubo y esponja.<\/p>\n<p>\u00danicamente puede emplearse agua no potable para la limpieza de calles, alcantarillado, pavimentos, y fachadas de edificios cuando \u00e9sta proceda de la regeneraci\u00f3n o del fre\u00e1tico siempre y cuando, en este \u00faltimo caso, se compruebe, mediante una evaluaci\u00f3n hidrogeol\u00f3gica, que no supone una reducci\u00f3n de la disponibilidad de agua para el abastecimiento domiciliario. En ambos casos cabe se\u00f1alar claramente el origen del agua, indicando que se trata de agua no potable.<\/p>\n<p>[\/et_pb_toggle][et_pb_toggle title=\u00bbLimpieza de veh\u00edculos\u00bb _builder_version=\u00bb4.19.5&#8243; _module_preset=\u00bbdefault\u00bb global_colors_info=\u00bb{}\u00bb]<\/p>\n<p>Limpieza de calles y mobiliario urbano<\/p>\n<p>[\/et_pb_toggle][et_pb_toggle title=\u00bbPiscinas\u00bb _builder_version=\u00bb4.23.4&#8243; _module_preset=\u00bbdefault\u00bb hover_enabled=\u00bb0&#8243; global_colors_info=\u00bb{}\u00bb sticky_enabled=\u00bb0&#8243;]<\/p>\n<p>El relleno parcial de piscinas con sistema de recirculaci\u00f3n del agua, en las cantidades indispensables para garantizar la calidad sanitaria del agua. En centros educativos, el llenado completo o parcial de piscinas desmontables de capacidad inferior a 500 litros para el ba\u00f1o de ni\u00f1os.<\/p>\n<p>Estas limitaciones no se aplican a las piscinas de agua de mar que se llenen y se vac\u00eden sin conexi\u00f3n a las redes de abastecimiento y saneamiento p\u00fablicas.<\/p>\n<p>La ley 9\/2023, de 19 de mayo, que entr\u00f3 en vigor el 23 de mayo de 2023, a\u00f1ade como excepcionalidad que las piscinas de uso p\u00fablico, definidas en el art\u00edculo 2.2 del Real Decreto 742\/2013, de 27 de septiembre, por el que establecen los criterios t\u00e9cnico-sanitarios de las piscinas, o en las piscinas de uso privado de tipo 3A, definidas en el art\u00edculo 2.3.a de dicho real decreto, puedan realizar el primer llenado de piscinas de nueva construcci\u00f3n o el llenado que responda a obras de rehabilitaci\u00f3n de la piscina o de modificaci\u00f3n del vaso.<\/p>\n<p>Las piscinas definidas en el art\u00edculo 2.2 del Real decreto 742\/2013, de 27 de septiembre son:<\/p>\n<p>. <strong>Piscinas de uso p\u00fablico<\/strong>: abiertas al p\u00fablico o a un grupo definido de usuarios, no destinadas \u00fanicamente a la familia o invitados del propietario u ocupante, con independencia del pago de un precio de entrada:<\/p>\n<p>a) Tipo 1. Piscinas donde la actividad relacionada con el agua sea el objetivo principal como en el caso de piscinas p\u00fablicas, de ocio, parques acu\u00e1ticos o spas.<\/p>\n<p>b) Tipo 2. Piscinas que act\u00faan como servicio supelmentario al objetivo principal, como en el caso de piscinas de hoteles, alojamientos tur\u00edsticos, campings o terap\u00e9uticas en centros sanitarios, entre otros.<\/p>\n<p>. Piscinas de uso privado tipo 3A: <strong>Piscinas de comunidades de propietarios, casas rurales o de agroturismo, colegios mayores o similares.<\/strong><\/p>\n<p>\u2022 Se permite llenar y rellenar las piscinas de uso privado de tipo 3B, definidas en el art\u00edculo 2.3.b del Real decreto 742\/2013, de 27 de setiembre, que esten destinadas al ba\u00f1o de <strong>personas que dispongan de una evaluaci\u00f3nd el grado de discapacidad en que consta que padecen alteraciones de la conducta.<\/strong><\/p>\n<p>&nbsp;<\/p>\n<p>[\/et_pb_toggle][et_pb_toggle title=\u00bbFuentes ornamentales\u00bb _builder_version=\u00bb4.19.5&#8243; _module_preset=\u00bbdefault\u00bb global_colors_info=\u00bb{}\u00bb]<\/p>\n<p>Resto prohibido el llenado total o parcial de fuentes ornamentales, lagos artificiales y otros elementos de uso est\u00e9tico del agua, excepto lagos artificiales que hagan de soporte vital de vida acu\u00e1tica, donde se permite el m\u00ednimo uso del agua imprescindible para su mantenimiento. Se estudiar\u00e1 y, si es viable, realizar el traslado y\/o la concentraci\u00f3n de la vida acu\u00e1tica afectada a aquel entorno que asegure la m\u00e1xima supervivencia con el m\u00ednimo consumo de agua.<\/p>\n<p>[\/et_pb_toggle][et_pb_toggle title=\u00bbEliminaci\u00f3n de polvo en el aire\u00bb _builder_version=\u00bb4.19.5&#8243; _module_preset=\u00bbdefault\u00bb global_colors_info=\u00bb{}\u00bb]<\/p>\n<p>Se proh\u00edbe la utilizaci\u00f3n de agua para la eliminaci\u00f3n de polvo y materia en suspensi\u00f3n en el aire.<\/p>\n<p>[\/et_pb_toggle][\/et_pb_column][\/et_pb_row][\/et_pb_section][et_pb_section fb_built=\u00bb1&#8243; admin_label=\u00bbRestriccions Fase preemerg\u00e8ncia\u00bb module_id=\u00bbrestriccions-fase-preemergencia\u00bb _builder_version=\u00bb4.22.2&#8243; _module_preset=\u00bbdefault\u00bb global_colors_info=\u00bb{}\u00bb][et_pb_row column_structure=\u00bb1_3,2_3&#8243; _builder_version=\u00bb4.17.4&#8243; _module_preset=\u00bbdefault\u00bb custom_padding=\u00bb0px||0px||true|false\u00bb global_colors_info=\u00bb{}\u00bb][et_pb_column type=\u00bb1_3&#8243; _builder_version=\u00bb4.17.4&#8243; _module_preset=\u00bbdefault\u00bb global_colors_info=\u00bb{}\u00bb][et_pb_cta title=\u00bbRestricciones en Fase de preemergencia\u00bb _builder_version=\u00bb4.22.2&#8243; _module_preset=\u00bbdefault\u00bb header_font=\u00bb|||on|||||\u00bb background_color=\u00bbgcid-27fd01b3-2609-4f2d-a02b-0759044015f3&#8243; custom_button=\u00bbon\u00bb button_text_size=\u00bb1rem\u00bb button_text_color=\u00bb#000000&#8243; sticky_position=\u00bbtop\u00bb sticky_offset_top=\u00bb100px\u00bb sticky_limit_bottom=\u00bbrow\u00bb box_shadow_style=\u00bbpreset5&#8243; box_shadow_vertical=\u00bb-1px\u00bb box_shadow_color=\u00bbrgba(0,0,0,0.15)\u00bb global_colors_info=\u00bb{%22gcid-27fd01b3-2609-4f2d-a02b-0759044015f3%22:%91%22background_color%22%93}\u00bb button_text_color__hover=\u00bb#000000&#8243; button_text_color__hover_enabled=\u00bbon|hover\u00bb]<\/p>\n<p>Se mantienen las restricciones en estado de excepcionalidad, con modificaciones en dos puntos: consumo m\u00e1ximo por habitante y d\u00eda, y el riego de los campos de deporte federado.<\/p>\n<p>[\/et_pb_cta][\/et_pb_column][et_pb_column type=\u00bb2_3&#8243; _builder_version=\u00bb4.17.4&#8243; _module_preset=\u00bbdefault\u00bb global_colors_info=\u00bb{}\u00bb][et_pb_toggle title=\u00bbRiego agr\u00edcola\u00bb _builder_version=\u00bb4.19.5&#8243; _module_preset=\u00bbdefault\u00bb global_colors_info=\u00bb{}\u00bb]<\/p>\n<p>Reducci\u00f3n de la dotaci\u00f3n de riego agr\u00edcola en un 40% o la sustituci\u00f3n de parte de los caudales destinados a riego agr\u00edcola por aguas regeneradas.<\/p>\n<p>[\/et_pb_toggle][et_pb_toggle title=\u00bbGranjas\u00bb _builder_version=\u00bb4.19.5&#8243; _module_preset=\u00bbdefault\u00bb global_colors_info=\u00bb{}\u00bb]<\/p>\n<p>El uso de agua procedente de la red de abastecimiento de agua potable queda limitado a las cantidades necesarias para el abrevado y limpieza de los animales, as\u00ed como para la limpieza del recinto, en este \u00faltimo caso, s\u00f3lo las cantidades imprescindibles para mantener las condiciones sanitarias y s\u00f3lo en caso de que no se disponga de una fuente alternativa y exclusivamente mediante sistemas de limpieza a presi\u00f3n u otros de eficacia equivalente.<\/p>\n<p>[\/et_pb_toggle][et_pb_toggle title=\u00bbUsos industriales\u00bb _builder_version=\u00bb4.19.5&#8243; _module_preset=\u00bbdefault\u00bb global_colors_info=\u00bb{}\u00bb]<\/p>\n<p>Reducci\u00f3n del 15% de los consumos de agua de los usuarios industriales.<\/p>\n<p>[\/et_pb_toggle][et_pb_toggle title=\u00bbRiego de jardines y zonas verdes (p\u00fablicos y privados)\u00bb _builder_version=\u00bb4.22.2&#8243; _module_preset=\u00bbdefault\u00bb global_colors_info=\u00bb{}\u00bb]<\/p>\n<p>Se proh\u00edbe regar zonas verdes y jardines p\u00fablicos y privados, excepto por supervivencia de \u00e1rboles o de plantas. Este riego debe realizarse con la m\u00ednima cantidad de agua indispensable, de 20 ha 8 h, y s\u00f3lo mediante riego gota a gota o regadera.<\/p>\n<p>El riego de c\u00e9sped queda prohibido en todos los casos, excepto en superficies destinadas a la pr\u00e1ctica federada del deporte, el riego de c\u00e9sped se puede mantener en las cantidades m\u00ednimas necesarias para permitirlo, sin superar la dotaci\u00f3n m\u00e1xima de 450 m<sup>3<\/sup>\/ha\/mes.<\/p>\n<p>La prohibici\u00f3n del riego no se aplica al riego con aguas de lluvia recogidas en tejados ni al riego con aguas regeneradas procedentes de depuradora.<\/p>\n<p>[\/et_pb_toggle][et_pb_toggle title=\u00bbLimpieza de calles y mobiliario urbano\u00bb _builder_version=\u00bb4.22.2&#8243; _module_preset=\u00bbdefault\u00bb global_colors_info=\u00bb{}\u00bb]<\/p>\n<p>Se proh\u00edbe la limpieza con agua potable de calles, alcantarillado, pavimentos, fachadas y similares, ya sean p\u00fablicos o particulares excepto si la limpieza es resultado de un accidente, de un incendio, existe un riesgo sanitario o un riesgo en la seguridad vial. En estas circunstancias, la limpieza se realizar\u00e1 con el m\u00ednimo de agua indispensable.<\/p>\n<p>S\u00ed permite la limpieza de escaparates y ventanas con cubo y esponja.<\/p>\n<p>\u00danicamente puede emplearse agua no potable para la limpieza de calles, alcantarillado, pavimentos, y fachadas de edificios cuando \u00e9sta proceda de la regeneraci\u00f3n o del fre\u00e1tico siempre y cuando, en este \u00faltimo caso, se compruebe, mediante una evaluaci\u00f3n hidrogeol\u00f3gica, que no supone una reducci\u00f3n de la disponibilidad de agua para el abastecimiento domiciliario. En ambos casos cabe se\u00f1alar claramente el origen del agua, indicando que se trata de agua no potable.<\/p>\n<p>[\/et_pb_toggle][et_pb_toggle title=\u00bbLimpieza de veh\u00edculos\u00bb _builder_version=\u00bb4.22.2&#8243; _module_preset=\u00bbdefault\u00bb global_colors_info=\u00bb{}\u00bb]<\/p>\n<p>Limpieza de calles y mobiliario urbano<\/p>\n<p>[\/et_pb_toggle][et_pb_toggle title=\u00bbPiscinas\u00bb _builder_version=\u00bb4.22.2&#8243; _module_preset=\u00bbdefault\u00bb global_colors_info=\u00bb{}\u00bb]<\/p>\n<p>El relleno parcial de piscinas p\u00fablicas con sistema de recirculaci\u00f3n del agua, en las cantidades indispensables para garantizar la calidad sanitaria del agua. En centros educativos, el llenado completo o parcial de piscinas desmontables de capacidad inferior a 500 litros para el ba\u00f1o de ni\u00f1os.<\/p>\n<p>Estas limitaciones no se aplican a las piscinas de agua de mar que se llenen y se vac\u00eden sin conexi\u00f3n a las redes de abastecimiento y saneamiento p\u00fablicas.<\/p>\n<p>La ley 9\/2023, de 19 de mayo, que entr\u00f3 en vigor el 23 de mayo de 2023, a\u00f1ade como excepcionalidad que las piscinas de uso p\u00fablico, definidas en el art\u00edculo 2.2 del Real Decreto 742\/2013, de 27 de septiembre, por el que establecen los criterios t\u00e9cnico-sanitarios de las piscinas, o en las piscinas de uso privado de tipo 3A, definidas en el art\u00edculo 2.3.a de dicho real decreto, puedan realizar el primer llenado de piscinas de nueva construcci\u00f3n o el llenado que responda a obras de rehabilitaci\u00f3n de la piscina o de modificaci\u00f3n del vaso.<\/p>\n<p>Las piscinas definidas en el art\u00edculo 2.2 del Real decreto 742\/2013, de 27 de septiembre son:<\/p>\n<p>. Piscinas de uso p\u00fablico: abiertas al p\u00fablico o a un grupo definido de usuarios, no destinadas \u00fanicamente a la familia o invitados del propietario u ocupante, con independencia del pago de un precio de entrada:<\/p>\n<p>a) Tipo 1. Piscinas donde la actividad relacionada con el agua sea el objetivo principal como en el caso de piscinas p\u00fablicas, de ocio, parques acu\u00e1ticos o spas.<\/p>\n<p>b) Tipo 2. Piscinas que act\u00faan como servicio supelmentario al objetivo principal, como en el caso de piscinas de hoteles, alojamientos tur\u00edsticos, campings o terap\u00e9uticas en centros sanitarios, entre otros.<\/p>\n<p>. Piscinas de uso privado tipo 3A: Piscinas de comunidades de propietarios, casas rurales o de agroturismo, colegios mayores o similares.<\/p>\n<p>[\/et_pb_toggle][et_pb_toggle title=\u00bbFuentes ornamentales\u00bb _builder_version=\u00bb4.19.5&#8243; _module_preset=\u00bbdefault\u00bb global_colors_info=\u00bb{}\u00bb]<\/p>\n<p>Resto prohibido el llenado total o parcial de fuentes ornamentales, lagos artificiales y otros elementos de uso est\u00e9tico del agua, excepto lagos artificiales que hagan de soporte vital de vida acu\u00e1tica, donde se permite el m\u00ednimo uso del agua imprescindible para su mantenimiento. Se estudiar\u00e1 y, si es viable, realizar el traslado y\/o la concentraci\u00f3n de la vida acu\u00e1tica afectada a aquel entorno que asegure la m\u00e1xima supervivencia con el m\u00ednimo consumo de agua.<\/p>\n<p>[\/et_pb_toggle][et_pb_toggle title=\u00bbEliminaci\u00f3n de polvo en el aire\u00bb _builder_version=\u00bb4.19.5&#8243; _module_preset=\u00bbdefault\u00bb global_colors_info=\u00bb{}\u00bb]<\/p>\n<p>Se proh\u00edbe la utilizaci\u00f3n de agua para la eliminaci\u00f3n de polvo y materia en suspensi\u00f3n en el aire.<\/p>\n<p>[\/et_pb_toggle][\/et_pb_column][\/et_pb_row][\/et_pb_section][et_pb_section fb_built=\u00bb1&#8243; admin_label=\u00bbRestriccions Fase emerg\u00e8ncia I\u00bb module_id=\u00bbrestricciones-fase-emergencia\u00bb _builder_version=\u00bb4.23.4&#8243; _module_preset=\u00bbdefault\u00bb global_colors_info=\u00bb{}\u00bb][et_pb_row column_structure=\u00bb1_3,2_3&#8243; _builder_version=\u00bb4.17.4&#8243; _module_preset=\u00bbdefault\u00bb custom_padding=\u00bb0px||0px||true|false\u00bb global_colors_info=\u00bb{}\u00bb][et_pb_column type=\u00bb1_3&#8243; _builder_version=\u00bb4.17.4&#8243; _module_preset=\u00bbdefault\u00bb global_colors_info=\u00bb{}\u00bb][et_pb_cta title=\u00bbRestricciones en Fase I de emergencia\u00bb _builder_version=\u00bb4.23.4&#8243; _module_preset=\u00bbdefault\u00bb header_font=\u00bb|||on|||||\u00bb background_color=\u00bb#D1391E\u00bb custom_button=\u00bbon\u00bb button_text_size=\u00bb1rem\u00bb button_text_color=\u00bb#000000&#8243; sticky_position=\u00bbtop\u00bb sticky_offset_top=\u00bb100px\u00bb sticky_limit_bottom=\u00bbrow\u00bb box_shadow_style=\u00bbpreset5&#8243; box_shadow_vertical=\u00bb-1px\u00bb box_shadow_color=\u00bbrgba(0,0,0,0.15)\u00bb global_colors_info=\u00bb{}\u00bb button_text_color__hover=\u00bb#000000&#8243; button_text_color__hover_enabled=\u00bbon|hover\u00bb]<\/p>\n<p>La fase en emergencia implica la ampliaci\u00f3n de restricciones en todos los \u00e1mbitos de la sociedad, y un aumento de la comunicaci\u00f3n hacia la poblaci\u00f3n.\u00a0<\/p>\n<p>Los vol\u00famenes totales de agua para el abastecimiento de la poblaci\u00f3n <strong>no pueden superar los 200 litros por habitante y d\u00eda<\/strong>. Este valor incluye el consumo de las actividades econ\u00f3micas y comerciales.<\/p>\n<p>[\/et_pb_cta][\/et_pb_column][et_pb_column type=\u00bb2_3&#8243; _builder_version=\u00bb4.17.4&#8243; _module_preset=\u00bbdefault\u00bb global_colors_info=\u00bb{}\u00bb][et_pb_toggle title=\u00bbDotaci\u00f3n dom\u00e9stica por habitante y d\u00eda\u00bb _builder_version=\u00bb4.23.4&#8243; _module_preset=\u00bbdefault\u00bb global_colors_info=\u00bb{}\u00bb]<\/p>\n<p>Las administraciones p\u00fablicas han pedido que para poder cumplir con las limitaciones de consumo, el <strong>consumo dom\u00e9stico se limita a 9 m\u00b3\/habitando\/trimestre<\/strong>, que se traduce en unos <strong>100 litros\/habitando\/d\u00eda<\/strong>.<\/p>\n<p>[\/et_pb_toggle][et_pb_toggle title=\u00bbRiego agr\u00edcola\u00bb _builder_version=\u00bb4.23.4&#8243; _module_preset=\u00bbdefault\u00bb global_colors_info=\u00bb{}\u00bb]<\/p>\n<p><strong>Reducci\u00f3n<\/strong> de la dotaci\u00f3n de riego agr\u00edcola <strong>en un 80%<\/strong>.<\/p>\n<p>[\/et_pb_toggle][et_pb_toggle title=\u00bbGranjas\u00bb _builder_version=\u00bb4.23.4&#8243; _module_preset=\u00bbdefault\u00bb global_colors_info=\u00bb{}\u00bb]<\/p>\n<p><strong>Reducci\u00f3n <\/strong>del uso del agua para usos ramaderos<strong> del 50%.<\/strong><\/p>\n<p>[\/et_pb_toggle][et_pb_toggle title=\u00bbUsos industriales\u00bb _builder_version=\u00bb4.23.4&#8243; _module_preset=\u00bbdefault\u00bb global_colors_info=\u00bb{}\u00bb]<\/p>\n<p><strong>Reducci\u00f3n del 25%<\/strong> de los consumos de agua de los usuarios industriales.<\/p>\n<p>[\/et_pb_toggle][et_pb_toggle title=\u00bbUsos recreativos\u00bb _builder_version=\u00bb4.23.4&#8243; _module_preset=\u00bbdefault\u00bb global_colors_info=\u00bb{}\u00bb]<\/p>\n<p><strong>Reducci\u00f3n del 25%<\/strong> en los usos recreativos (asimilables a urbanos).<\/p>\n<p>[\/et_pb_toggle][et_pb_toggle title=\u00bbRiego de jardines y zonas verdes (p\u00fablicos y privados)\u00bb _builder_version=\u00bb4.23.4&#8243; _module_preset=\u00bbdefault\u00bb global_colors_info=\u00bb{}\u00bb]<\/p>\n<p>Queda <strong>prohibido<\/strong> el uso de agua para el riego de jardines y zonas verdes, <strong>tanto de car\u00e1cter p\u00fablico como privado<\/strong>. Con las siguientes excepciones:<\/p>\n<ul>\n<li>Se permite el <strong>riego p\u00fablico de supervivencia de arbolado y jardines bot\u00e1nicos<\/strong> en las condiciones siguientes:<\/li>\n<li style=\"list-style-type: none;\">\n<ul>\n<li>Que se realice con <strong>aguas regeneradas procedentes de depuradora<\/strong> o con aguas fre\u00e1ticas, siempre que, en este \u00faltimo caso, se compruebe mediante una evaluaci\u00f3n hidrogeol\u00f3gica que no supone una reducci\u00f3n de la disponibilidad de agua para el abastecimiento domiciliario.<\/li>\n<li>Que se realice con la m\u00ednima cantidad de agua indispensable, preferentemente en horas de baja insolaci\u00f3n.<\/li>\n<li>Que se indique el origen del agua empleada, indicando de manera clara y expresa que se trata de agua no potable.<\/li>\n<\/ul>\n<\/li>\n<\/ul>\n<p>[\/et_pb_toggle][et_pb_toggle title=\u00bbRiego de campos de c\u00e9sped para la pr\u00e1ctica del deporte federado\u00bb _builder_version=\u00bb4.23.4&#8243; _module_preset=\u00bbdefault\u00bb global_colors_info=\u00bb{}\u00bb]<\/p>\n<p>Est\u00e1 permitido, en la fase de emergencia Y, en las condiciones siguientes:<\/p>\n<ul>\n<li>Que se realice con <strong>aguas regeneradas<\/strong> procedentes de depuradora o con aguas fre\u00e1ticas, siempre que, en este \u00faltimo caso, se compruebe mediante una evaluaci\u00f3n hidrogeol\u00f3gica que no supone una reducci\u00f3n de la disponibilidad de agua para el abastecimiento domiciliario.<\/li>\n<li>Que, mediante<strong> la aplicaci\u00f3n de medidas de ahorro adicionales en la instalaci\u00f3n deportiva<\/strong> misma, entre las cuales hay que incluir el cierre de las duchas, se consigan ahorros de agua equivalentes al volumen de agua empleado en el riego.<\/li>\n<li>Que se realice con la m\u00ednima cantidad de agua indispensable, preferentemente en horas de baja insolaci\u00f3n.<\/li>\n<li>Que se indique de manera visible el origen del agua empleada, haciendo constar de manera clara y expresa que se trata de agua no potable.<\/li>\n<\/ul>\n<p>[\/et_pb_toggle][et_pb_toggle title=\u00bbLimpieza de calles y mobiliario urbano\u00bb _builder_version=\u00bb4.23.4&#8243; _module_preset=\u00bbdefault\u00bb global_colors_info=\u00bb{}\u00bb]<\/p>\n<p>Se proh\u00edbe la limpieza con agua potable de calles, alcantarillado, pavimentos, fachadas y similares, ya sean p\u00fablicos o particulares excepto si la limpieza es resultado de un accidente, de un incendio, existe un riesgo sanitario o un riesgo en la seguridad viaria. En estas circunstancias, la limpieza se har\u00e1 con el m\u00ednimo de agua indispensable.<\/p>\n<p>S\u00ed que se permite la limpieza de escaparates y ventanas con cubo y esponja.<\/p>\n<p><strong>\u00danicamente puede emplearse agua no potable<\/strong> por la limpieza de calles, alcantarillado, pavimentos, y fachadas de edificios <strong>cuando esta proceda de la regeneraci\u00f3n o del fre\u00e1tico<\/strong> siempre y cuando, en este \u00faltimo caso, se compruebe, mediante una evaluaci\u00f3n hidrogeol\u00f3gica, que no supone una reducci\u00f3n de la disponibilidad de agua para el abastecimiento domiciliario. En ambos casos hay que se\u00f1alar claramente el origen del agua, indicando que se trata de agua no potable<\/p>\n<p>[\/et_pb_toggle][et_pb_toggle title=\u00bbLimpieza de veh\u00edculos\u00bb _builder_version=\u00bb4.23.4&#8243; _module_preset=\u00bbdefault\u00bb global_colors_info=\u00bb{}\u00bb]<\/p>\n<p>El uso del agua queda limitado a la limpieza en establecimientos comerciales\u00a0 dedicados a esta actividad que cuentan con sistemas de recirculaci\u00f3n del agua.<\/p>\n<p>[\/et_pb_toggle][et_pb_toggle title=\u00bbPiscinas\u00bb _builder_version=\u00bb4.23.4&#8243; _module_preset=\u00bbdefault\u00bb global_colors_info=\u00bb{}\u00bb]<\/p>\n<p><strong>Queda prohibido el llenado total o parcial de todo tipo de piscinas<\/strong> excepto en los casos siguientes:<\/p>\n<ul>\n<li>Se permite el <strong>rellenado parcial de las piscinas cubiertas inscritas al censo de equipaciones deportivas de la Generalitat de Catalu\u00f1a y las piscinas descubiertas de uso durante todo el a\u00f1o para la pr\u00e1ctica deportiva federada<\/strong> y en las condiciones siguientes:\n<ul>\n<li>Que dispongan de sistema de recirculaci\u00f3n de agua.<\/li>\n<li>Que se realice en las cantidades indispensables para garantizar la calidad sanitaria del agua.<\/li>\n<li>Que, mediante la aplicaci\u00f3n de medidas de ahorro adicionales en la instalaci\u00f3n deportiva misma, entre las cuales hay que incluir el cierre de las duchas, se consigan ahorros de agua equivalentes al volumen de agua empleado en el rellenado de la piscina.<\/li>\n<li>En el caso de las piscinas descubiertas, que se proceda al cierre total de las duchas.<\/li>\n<\/ul>\n<\/li>\n<li>Se permite el llenado y rellenado de las piscinas de uso terap\u00e9utico ubicadas en hospitales, residencias, centros de educaci\u00f3n especial y centros de la Red de Servicios Sociales de Atenci\u00f3n P\u00fablica.<\/li>\n<li>El llenado y el rellenado de las piscinas destinadas al ba\u00f1o de personas que disponen de una evaluaci\u00f3n del grado de discapacidad en la cual consta que sufren alteraciones de la conducta.<\/li>\n<li>El llenado total o parcial de las piscinas de agua de mar que se llenan y se vac\u00eden sin conexi\u00f3n a las redes de abastecimiento ni saneamiento.<\/li>\n<\/ul>\n<p>[\/et_pb_toggle][et_pb_toggle title=\u00bbFuentes ornamentales\u00bb _builder_version=\u00bb4.23.4&#8243; _module_preset=\u00bbdefault\u00bb global_colors_info=\u00bb{}\u00bb]<\/p>\n<p>Se proh\u00edbe el llenado total o parcial de fuentes ornamentales, lagos artificiales y otros elementos de uso est\u00e9tico del agua excepto los refugios de fauna en peligro de extinci\u00f3n o destinados a la recuperaci\u00f3n de las especies aut\u00f3ctonas, que se pueden llenar con la m\u00ednima cantidad de agua indispensable procedente de la regeneraci\u00f3n o el fre\u00e1tico, cuando se compruebe, mediante evaluaci\u00f3n hidrogeol\u00f3gica, que no supone una reducci\u00f3n de la disponibilidad de agua para el abastecimiento domiciliario.<\/p>\n<p>[\/et_pb_toggle][et_pb_toggle title=\u00bbEliminaci\u00f3n de polvo en el aire\u00bb _builder_version=\u00bb4.23.4&#8243; _module_preset=\u00bbdefault\u00bb global_colors_info=\u00bb{}\u00bb]<\/p>\n<p>Se proh\u00edbe la utilizaci\u00f3n de agua para la eliminaci\u00f3n de polvo y materia en suspensi\u00f3n en el aire.<\/p>\n<p>[\/et_pb_toggle][et_pb_toggle title=\u00bbPistas de hielo y otros usos temporales\u00bb _builder_version=\u00bb4.23.4&#8243; _module_preset=\u00bbdefault\u00bb global_colors_info=\u00bb{}\u00bb]<\/p>\n<p>Se proh\u00edbe la realizaci\u00f3n de actos l\u00fadicos, p\u00fablicos o privados, que comporten la utilizaci\u00f3n de agua susceptible de ser apta para el consumo humano, como por ejemplo las pistas de hielo temporales o de uso l\u00fadico, las fiestas de la espuma, los juegos de agua o similares.<\/p>\n<p>[\/et_pb_toggle][\/et_pb_column][\/et_pb_row][\/et_pb_section]<\/p>\n","protected":false},"excerpt":{"rendered":"<p>Cada fase cuenta con una serie de restricciones, y acciones a realizarr. Las fases son las siguientes: Normalidad, Prealerta, Alerta, Excepcionalidad, Emergencia<\/p>\n","protected":false},"author":1,"featured_media":6858,"parent":6876,"menu_order":40,"comment_status":"closed","ping_status":"closed","template":"","meta":{"_et_pb_use_builder":"on","_et_pb_old_content":"","_et_gb_content_width":"","footnotes":""},"class_list":["post-7149","page","type-page","status-publish","has-post-thumbnail","hentry"],"_links":{"self":[{"href":"https:\/\/www.aiguesmanresa.cat\/es\/wp-json\/wp\/v2\/pages\/7149","targetHints":{"allow":["GET"]}}],"collection":[{"href":"https:\/\/www.aiguesmanresa.cat\/es\/wp-json\/wp\/v2\/pages"}],"about":[{"href":"https:\/\/www.aiguesmanresa.cat\/es\/wp-json\/wp\/v2\/types\/page"}],"author":[{"embeddable":true,"href":"https:\/\/www.aiguesmanresa.cat\/es\/wp-json\/wp\/v2\/users\/1"}],"replies":[{"embeddable":true,"href":"https:\/\/www.aiguesmanresa.cat\/es\/wp-json\/wp\/v2\/comments?post=7149"}],"version-history":[{"count":0,"href":"https:\/\/www.aiguesmanresa.cat\/es\/wp-json\/wp\/v2\/pages\/7149\/revisions"}],"up":[{"embeddable":true,"href":"https:\/\/www.aiguesmanresa.cat\/es\/wp-json\/wp\/v2\/pages\/6876"}],"wp:featuredmedia":[{"embeddable":true,"href":"https:\/\/www.aiguesmanresa.cat\/es\/wp-json\/wp\/v2\/media\/6858"}],"wp:attachment":[{"href":"https:\/\/www.aiguesmanresa.cat\/es\/wp-json\/wp\/v2\/media?parent=7149"}],"curies":[{"name":"wp","href":"https:\/\/api.w.org\/{rel}","templated":true}]}}