{"id":13305,"date":"2025-06-20T10:00:43","date_gmt":"2025-06-20T08:00:43","guid":{"rendered":"https:\/\/www.aiguesmanresa.cat\/nosotros\/auditoria-hidraulica\/"},"modified":"2025-06-26T11:28:43","modified_gmt":"2025-06-26T09:28:43","slug":"auditoria-hidraulica","status":"publish","type":"page","link":"https:\/\/www.aiguesmanresa.cat\/es\/nosotros\/auditoria-hidraulica\/","title":{"rendered":"Auditoria hidr\u00e1ulica"},"content":{"rendered":"<p>[et_pb_section fb_built=\u00bb1&#8243; admin_label=\u00bbSeccio organitzaci\u00f3\u00bb _builder_version=\u00bb4.16&#8243; custom_margin=\u00bb0px||0px||false|false\u00bb custom_padding=\u00bb0px|1px|2rem||false|false\u00bb global_colors_info=\u00bb{}\u00bb theme_builder_area=\u00bbpost_content\u00bb][et_pb_row _builder_version=\u00bb4.27.4&#8243; width=\u00bb95%\u00bb max_width=\u00bb1200px\u00bb custom_margin=\u00bb||||false|false\u00bb custom_padding=\u00bb5px||0px||false|false\u00bb global_colors_info=\u00bb{}\u00bb theme_builder_area=\u00bbpost_content\u00bb][et_pb_column type=\u00bb4_4&#8243; _builder_version=\u00bb4.16&#8243; global_colors_info=\u00bb{}\u00bb theme_builder_area=\u00bbpost_content\u00bb][et_pb_text admin_label=\u00bbT\u00edtol secci\u00f3\u00bb _builder_version=\u00bb4.27.4&#8243; _module_preset=\u00bbe41cdfd2-6ccc-4e74-990c-c4a09204eda6&#8243; saved_tabs=\u00bball\u00bb global_colors_info=\u00bb{}\u00bb theme_builder_area=\u00bbpost_content\u00bb]<\/p>\n<h1>Auditoria de eficiencia hidr\u00e1ulica en el servicio de abastecimiento<\/h1>\n<p>[\/et_pb_text][\/et_pb_column][\/et_pb_row][et_pb_row _builder_version=\u00bb4.27.4&#8243; _module_preset=\u00bbdefault\u00bb width=\u00bb95%\u00bb max_width=\u00bb1200px\u00bb custom_padding=\u00bb0px|||||\u00bb global_colors_info=\u00bb{}\u00bb theme_builder_area=\u00bbpost_content\u00bb][et_pb_column type=\u00bb4_4&#8243; _builder_version=\u00bb4.27.4&#8243; _module_preset=\u00bbdefault\u00bb global_colors_info=\u00bb{}\u00bb theme_builder_area=\u00bbpost_content\u00bb][et_pb_text _builder_version=\u00bb4.27.4&#8243; _module_preset=\u00bbdefault\u00bb global_colors_info=\u00bb{}\u00bb theme_builder_area=\u00bbpost_content\u00bb]<\/p>\n<p>La auditor\u00eda de eficiencia hidr\u00e1ulica resume los distintos or\u00edgenes y destinos de los vol\u00famenes de agua utilizados en el servicio de abastecimiento. Incluye entradas, salidas, consumos de los usuarios y p\u00e9rdidas de agua que aparecen en un sistema de distribuci\u00f3n de agua. \u00c9stos se estructuran de forma que toda el agua introducida en la red deber\u00eda, en teor\u00eda, ser igual a toda el agua extra\u00edda de la misma en los diferentes usos, m\u00e1s las potenciales p\u00e9rdidas de agua que pudieran aparecer.<\/p>\n<p><\/p>\n<p>En este esquema, puede ver a qu\u00e9 hacen referencia cada uno de los conceptos que lo componen:<\/p>\n<p>[\/et_pb_text][et_pb_text _builder_version=\u00bb4.27.4&#8243; _module_preset=\u00bbdefault\u00bb custom_margin=\u00bb||0px||false|false\u00bb global_colors_info=\u00bb{}\u00bb theme_builder_area=\u00bbpost_content\u00bb]<\/p>\n<h5>Datos del balance h\u00eddrico<\/h5>\n<p>[\/et_pb_text][et_pb_image src=\u00bbhttps:\/\/www.aiguesmanresa.cat\/wp-content\/uploads\/2025\/06\/Dades-auditoria-hidraulica-BalancHidric.jpg\u00bb title_text=\u00bbDatos del balance h\u00eddrico\u00bb show_in_lightbox=\u00bbon\u00bb _builder_version=\u00bb4.27.4&#8243; _module_preset=\u00bbdefault\u00bb global_colors_info=\u00bb{}\u00bb theme_builder_area=\u00bbpost_content\u00bb][\/et_pb_image][\/et_pb_column][\/et_pb_row][et_pb_row module_class=\u00bbfila-btns-desplegables-organitzacio\u00bb _builder_version=\u00bb4.27.4&#8243; background_color=\u00bb#f9f9f9&#8243; width=\u00bb95%\u00bb max_width=\u00bb1200px\u00bb custom_padding=\u00bb2rem|2rem|2rem|2rem|true|true\u00bb border_radii=\u00bbon|10px|10px|10px|10px\u00bb global_colors_info=\u00bb{}\u00bb theme_builder_area=\u00bbpost_content\u00bb][et_pb_column type=\u00bb4_4&#8243; _builder_version=\u00bb4.16&#8243; global_colors_info=\u00bb{}\u00bb theme_builder_area=\u00bbpost_content\u00bb][et_pb_text _builder_version=\u00bb4.27.4&#8243; _module_preset=\u00bbdefault\u00bb custom_margin=\u00bb||5px|10px|false|false\u00bb global_colors_info=\u00bb{}\u00bb theme_builder_area=\u00bbpost_content\u00bb]<\/p>\n<p><strong>Selecciona<\/strong> auditoria de eficiencia hidr\u00e1ulica:<\/p>\n<p>[\/et_pb_text][et_pb_code _builder_version=\u00bb4.27.4&#8243; _module_preset=\u00bbdefault\u00bb border_width_bottom=\u00bb2px\u00bb border_color_bottom=\u00bb#42C0C6&#8243; global_colors_info=\u00bb{}\u00bb theme_builder_area=\u00bbpost_content\u00bb]<select id=\"selector-auditoria-hidraulica\" class=\"et_pb_contact_select input tramits-selector\"><!-- [et_pb_line_break_holder] --><option selected=\"selected\" value=\"seccio-auditoria-manresa-2024\">Auditoria hidr\u00e0ulica de Manresa 2024<\/option><!-- [et_pb_line_break_holder] --><option value=\"seccio-auditoria-manresa-2022\">Auditoria hidr\u00e0ulica de Manresa 2022<\/option><!-- [et_pb_line_break_holder] --><option value=\"seccio-auditoria-sant-joan-vilatorrada-2024\">Auditoria hidr\u00e0ulica de Sant Joan de Vilatorrada 2024<\/option><!-- [et_pb_line_break_holder] --><\/select>[\/et_pb_code][\/et_pb_column][\/et_pb_row][\/et_pb_section][et_pb_section fb_built=\u00bb1&#8243; admin_label=\u00bbAuditoria Manresa 2024&#8243; module_id=\u00bbseccio-auditoria-manresa-2024&#8243; module_class=\u00bbseccio-auditoria-hidraulica-municipi\u00bb _builder_version=\u00bb4.27.4&#8243; _module_preset=\u00bbdefault\u00bb custom_padding=\u00bb0px|||||\u00bb global_colors_info=\u00bb{}\u00bb theme_builder_area=\u00bbpost_content\u00bb][et_pb_row _builder_version=\u00bb4.27.4&#8243; _module_preset=\u00bbdefault\u00bb width=\u00bb95%\u00bb max_width=\u00bb1200px\u00bb custom_padding=\u00bb||0px|||\u00bb global_colors_info=\u00bb{}\u00bb theme_builder_area=\u00bbpost_content\u00bb][et_pb_column type=\u00bb4_4&#8243; _builder_version=\u00bb4.27.4&#8243; _module_preset=\u00bbdefault\u00bb global_colors_info=\u00bb{}\u00bb theme_builder_area=\u00bbpost_content\u00bb][et_pb_text _builder_version=\u00bb4.27.4&#8243; _module_preset=\u00bbfcb0796c-a4c0-4d50-a5cc-5830127e6564&#8243; custom_margin=\u00bb||2rem||false|false\u00bb global_colors_info=\u00bb{}\u00bb theme_builder_area=\u00bbpost_content\u00bb]<\/p>\n<h4>Auditoria hidr\u00e1ulica de Manresa (2024)<\/h4>\n<p>[\/et_pb_text][et_pb_text _builder_version=\u00bb4.27.4&#8243; _module_preset=\u00bbc51a11b6-c31d-4a96-add3-c43e287e448c\u00bb global_colors_info=\u00bb{}\u00bb theme_builder_area=\u00bbpost_content\u00bb]<\/p>\n<p>Volumen de entrada (VE): 6.121.813 m<sup>3<\/sup><\/p>\n<p>[\/et_pb_text][et_pb_text _builder_version=\u00bb4.27.4&#8243; _module_preset=\u00bbdefault\u00bb global_colors_info=\u00bb{}\u00bb theme_builder_area=\u00bbpost_content\u00bb]<\/p>\n<p>Este volumen debe contemplar la totalidad de las fuentes de agua tratada\/potable que se introducen en la red en baja a la que se refiere el c\u00e1lculo del balance h\u00eddrico. Este volumen de agua puede ser producido por el propio gestor y\/o importado de terceros.<\/p>\n<p>[\/et_pb_text][\/et_pb_column][\/et_pb_row][et_pb_row column_structure=\u00bb1_2,1_2&#8243; _builder_version=\u00bb4.27.4&#8243; _module_preset=\u00bbdefault\u00bb width=\u00bb95%\u00bb max_width=\u00bb1200px\u00bb custom_padding=\u00bb1rem||1rem||true|false\u00bb global_colors_info=\u00bb{}\u00bb theme_builder_area=\u00bbpost_content\u00bb][et_pb_column type=\u00bb1_2&#8243; _builder_version=\u00bb4.27.4&#8243; _module_preset=\u00bbdefault\u00bb global_colors_info=\u00bb{}\u00bb theme_builder_area=\u00bbpost_content\u00bb][et_pb_text _builder_version=\u00bb4.27.4&#8243; _module_preset=\u00bbdefault\u00bb custom_margin=\u00bb||10px||false|false\u00bb global_colors_info=\u00bb{}\u00bb theme_builder_area=\u00bbpost_content\u00bb]<\/p>\n<p>Consumo autorizado<\/p>\n<p><\/p>\n<p>El volumen de agua que toman los usuarios registrados, el gestor y otras entidades autorizadas por el gestor.<\/p>\n<p>[\/et_pb_text][et_pb_text _builder_version=\u00bb4.27.4&#8243; _module_preset=\u00bbdefault\u00bb text_text_color=\u00bb#42C0C6&#8243; global_colors_info=\u00bb{}\u00bb theme_builder_area=\u00bbpost_content\u00bb]<\/p>\n<p>El <strong>85,3%<\/strong> del volumen de entrada, concretamente 5.219.493 m<sup>3<\/sup>.<\/p>\n<p>[\/et_pb_text][\/et_pb_column][et_pb_column type=\u00bb1_2&#8243; _builder_version=\u00bb4.27.4&#8243; _module_preset=\u00bbdefault\u00bb global_colors_info=\u00bb{}\u00bb theme_builder_area=\u00bbpost_content\u00bb][et_pb_text _builder_version=\u00bb4.27.4&#8243; _module_preset=\u00bbdefault\u00bb custom_margin=\u00bb||10px||false|false\u00bb global_colors_info=\u00bb{}\u00bb theme_builder_area=\u00bbpost_content\u00bb]<\/p>\n<p>Agua no registrada o p\u00e9rdidas de agua<\/p>\n<p><\/p>\n<p>La diferencia entre el volumen de entrada en el servicio de abastecimiento y el consumo autorizado.<\/p>\n<p>[\/et_pb_text][et_pb_text _builder_version=\u00bb4.27.4&#8243; _module_preset=\u00bbdefault\u00bb text_text_color=\u00bb#42C0C6&#8243; global_colors_info=\u00bb{}\u00bb theme_builder_area=\u00bbpost_content\u00bb]<\/p>\n<p>El <strong>14,7%<\/strong> del volumen de entrada, que equivale a 902.320 m<sup>3<\/sup>.<\/p>\n<p>[\/et_pb_text][\/et_pb_column][\/et_pb_row][et_pb_row _builder_version=\u00bb4.27.4&#8243; _module_preset=\u00bbdefault\u00bb width=\u00bb95%\u00bb max_width=\u00bb1200px\u00bb custom_padding=\u00bb||0px|||\u00bb global_colors_info=\u00bb{}\u00bb theme_builder_area=\u00bbpost_content\u00bb][et_pb_column type=\u00bb4_4&#8243; _builder_version=\u00bb4.27.4&#8243; _module_preset=\u00bbdefault\u00bb global_colors_info=\u00bb{}\u00bb theme_builder_area=\u00bbpost_content\u00bb][et_pb_text _builder_version=\u00bb4.27.4&#8243; _module_preset=\u00bbc51a11b6-c31d-4a96-add3-c43e287e448c\u00bb global_colors_info=\u00bb{}\u00bb theme_builder_area=\u00bbpost_content\u00bb]<\/p>\n<p>Agua no registrada o p\u00e9rdidas de agua<\/p>\n<p>[\/et_pb_text][\/et_pb_column][\/et_pb_row][et_pb_row column_structure=\u00bb1_2,1_2&#8243; _builder_version=\u00bb4.27.4&#8243; _module_preset=\u00bbdefault\u00bb width=\u00bb95%\u00bb max_width=\u00bb1200px\u00bb custom_padding=\u00bb1rem||1rem||true|false\u00bb global_colors_info=\u00bb{}\u00bb theme_builder_area=\u00bbpost_content\u00bb][et_pb_column type=\u00bb1_2&#8243; _builder_version=\u00bb4.27.4&#8243; _module_preset=\u00bbdefault\u00bb global_colors_info=\u00bb{}\u00bb theme_builder_area=\u00bbpost_content\u00bb][et_pb_text _builder_version=\u00bb4.27.4&#8243; _module_preset=\u00bbdefault\u00bb custom_margin=\u00bb||10px||false|false\u00bb global_colors_info=\u00bb{}\u00bb theme_builder_area=\u00bbpost_content\u00bb]<\/p>\n<p id=\"tw-target-text\" class=\"tw-data-text tw-text-large tw-ta\" dir=\"ltr\" data-placeholder=\"Traducci\u00f3\" data-ved=\"2ahUKEwjovMGRr_-NAxXJVUEAHdTaK6cQ3ewLegQIChAV\" aria-label=\"Text tradu\u00eft: P\u00e9rdidas aparentes o comerciales\n\nLas p\u00e9rdidas aparentes incluyen todo tipo de inexactitudes asociadas a los instrumentos de medida utilizados para cuantificar el consumo de los usuarios, as\u00ed como los errores en la lectura de los contadores y el tratamiento de los datos, as\u00ed como las inconsistencias en el proceso de cuantificaci\u00f3n de los consumos. Adicionalmente, este componente incluye cualquier consumo no autorizado de agua, ya sea por robo, utilizaci\u00f3n de acometidas ilegales al servicio de abastecimiento, manipulaci\u00f3n de los equipos de medida, y otros usos ileg\u00edtimos no declarados.\"><span class=\"Y2IQFc\" lang=\"es\">P\u00e9rdidas aparentes o comerciales <\/span><\/p>\n<p><\/p>\n<p class=\"tw-data-text tw-text-large tw-ta\" dir=\"ltr\" data-placeholder=\"Traducci\u00f3\" data-ved=\"2ahUKEwjovMGRr_-NAxXJVUEAHdTaK6cQ3ewLegQIChAV\" aria-label=\"Text tradu\u00eft: P\u00e9rdidas aparentes o comerciales\n\nLas p\u00e9rdidas aparentes incluyen todo tipo de inexactitudes asociadas a los instrumentos de medida utilizados para cuantificar el consumo de los usuarios, as\u00ed como los errores en la lectura de los contadores y el tratamiento de los datos, as\u00ed como las inconsistencias en el proceso de cuantificaci\u00f3n de los consumos. Adicionalmente, este componente incluye cualquier consumo no autorizado de agua, ya sea por robo, utilizaci\u00f3n de acometidas ilegales al servicio de abastecimiento, manipulaci\u00f3n de los equipos de medida, y otros usos ileg\u00edtimos no declarados.\"><span class=\"Y2IQFc\" lang=\"es\">Las p\u00e9rdidas aparentes incluyen todo tipo de inexactitudes asociadas a los instrumentos de medida utilizados para cuantificar el consumo de los usuarios, as\u00ed como los errores en la lectura de los contadores y el tratamiento de los datos, as\u00ed como las inconsistencias en el proceso de cuantificaci\u00f3n de los consumos. Adicionalmente, este componente incluye cualquier consumo no autorizado de agua, ya sea por robo, utilizaci\u00f3n de acometidas ilegales al servicio de abastecimiento, manipulaci\u00f3n de los equipos de medida, y otros usos ileg\u00edtimos no declarados.<\/span><\/p>\n<p>[\/et_pb_text][et_pb_text _builder_version=\u00bb4.27.4&#8243; _module_preset=\u00bbdefault\u00bb text_text_color=\u00bb#42C0C6&#8243; hover_enabled=\u00bb0&#8243; global_colors_info=\u00bb{}\u00bb theme_builder_area=\u00bbpost_content\u00bb sticky_enabled=\u00bb0&#8243;]<\/p>\n<p>Representa el <strong>6,1% del Volumen de Entrada<\/strong>. Unos 371.087 m<sup>3<\/sup>.<\/p>\n<p>[\/et_pb_text][\/et_pb_column][et_pb_column type=\u00bb1_2&#8243; _builder_version=\u00bb4.27.4&#8243; _module_preset=\u00bbdefault\u00bb global_colors_info=\u00bb{}\u00bb theme_builder_area=\u00bbpost_content\u00bb][et_pb_text _builder_version=\u00bb4.27.4&#8243; _module_preset=\u00bbdefault\u00bb custom_margin=\u00bb||10px||false|false\u00bb global_colors_info=\u00bb{}\u00bb theme_builder_area=\u00bbpost_content\u00bb]<\/p>\n<p>P\u00e9rdidas reales<\/p>\n<p><\/p>\n<p>P\u00e9rdidas reales que se producen en la red y los dep\u00f3sitos de almacenamiento que pertenecen al servicio de abastecimiento. Es el volumen perdido a trav\u00e9s de todos los tipos de escapes, roturas de tuber\u00edas, desbordamientos de dep\u00f3sitos, etc.<\/p>\n<p>[\/et_pb_text][et_pb_text _builder_version=\u00bb4.27.4&#8243; _module_preset=\u00bbdefault\u00bb text_text_color=\u00bb#42C0C6&#8243; custom_margin=\u00bb1px|||||\u00bb hover_enabled=\u00bb0&#8243; global_colors_info=\u00bb{}\u00bb theme_builder_area=\u00bbpost_content\u00bb sticky_enabled=\u00bb0&#8243;]<\/p>\n<p>Representa el <strong>8,7% del Volumen de Entrada<\/strong>. Unos 531.233 m<sup>3<\/sup>.<\/p>\n<p>[\/et_pb_text][\/et_pb_column][\/et_pb_row][et_pb_row _builder_version=\u00bb4.27.4&#8243; _module_preset=\u00bbdefault\u00bb width=\u00bb95%\u00bb max_width=\u00bb1200px\u00bb custom_padding=\u00bb||0px|||\u00bb global_colors_info=\u00bb{}\u00bb theme_builder_area=\u00bbpost_content\u00bb][et_pb_column type=\u00bb4_4&#8243; _builder_version=\u00bb4.27.4&#8243; _module_preset=\u00bbdefault\u00bb global_colors_info=\u00bb{}\u00bb theme_builder_area=\u00bbpost_content\u00bb][et_pb_text _builder_version=\u00bb4.27.4&#8243; _module_preset=\u00bbc51a11b6-c31d-4a96-add3-c43e287e448c\u00bb global_colors_info=\u00bb{}\u00bb theme_builder_area=\u00bbpost_content\u00bb]<\/p>\n<p>P\u00e9rdidas aparentes o comerciales<\/p>\n<p>[\/et_pb_text][\/et_pb_column][\/et_pb_row][et_pb_row column_structure=\u00bb1_2,1_2&#8243; _builder_version=\u00bb4.27.4&#8243; _module_preset=\u00bbdefault\u00bb width=\u00bb95%\u00bb max_width=\u00bb1200px\u00bb custom_padding=\u00bb1rem||1rem||true|false\u00bb global_colors_info=\u00bb{}\u00bb theme_builder_area=\u00bbpost_content\u00bb][et_pb_column type=\u00bb1_2&#8243; _builder_version=\u00bb4.27.4&#8243; _module_preset=\u00bbdefault\u00bb global_colors_info=\u00bb{}\u00bb theme_builder_area=\u00bbpost_content\u00bb][et_pb_text _builder_version=\u00bb4.27.4&#8243; _module_preset=\u00bbdefault\u00bb custom_margin=\u00bb||10px||false|false\u00bb global_colors_info=\u00bb{}\u00bb theme_builder_area=\u00bbpost_content\u00bb]<\/p>\n<p>Consumos no autorizados<\/p>\n<p><\/p>\n<p>El consumo no autorizado es cualquier uso il\u00edcito de agua.<\/p>\n<p>[\/et_pb_text][et_pb_text _builder_version=\u00bb4.27.4&#8243; _module_preset=\u00bbdefault\u00bb text_text_color=\u00bb#42C0C6&#8243; global_colors_info=\u00bb{}\u00bb theme_builder_area=\u00bbpost_content\u00bb]<\/p>\n<p>Representa el <strong>0,7% del Volumen de Entrada<\/strong>. Unos 42.519 m<sup>3<\/sup>.<\/p>\n<p>[\/et_pb_text][\/et_pb_column][et_pb_column type=\u00bb1_2&#8243; _builder_version=\u00bb4.27.4&#8243; _module_preset=\u00bbdefault\u00bb global_colors_info=\u00bb{}\u00bb theme_builder_area=\u00bbpost_content\u00bb][et_pb_text _builder_version=\u00bb4.27.4&#8243; _module_preset=\u00bbdefault\u00bb custom_margin=\u00bb||10px||false|false\u00bb global_colors_info=\u00bb{}\u00bb theme_builder_area=\u00bbpost_content\u00bb]<\/p>\n<p>Errores de los contadores<\/p>\n<p><\/p>\n<p>Es la porci\u00f3n del verdadero volumen consumido por los abonados que los contadores no son capaces de registrar por sus limitaciones metrol\u00f3gicas.<\/p>\n<p>[\/et_pb_text][et_pb_text _builder_version=\u00bb4.27.4&#8243; _module_preset=\u00bbdefault\u00bb text_text_color=\u00bb#42C0C6&#8243; custom_margin=\u00bb1px|||||\u00bb hover_enabled=\u00bb0&#8243; global_colors_info=\u00bb{}\u00bb theme_builder_area=\u00bbpost_content\u00bb sticky_enabled=\u00bb0&#8243;]<\/p>\n<p>Representa el <strong>5,4% del Volumen de Entrada<\/strong>. Unos 328.568 m<sup>3<\/sup>.<\/p>\n<p>[\/et_pb_text][\/et_pb_column][\/et_pb_row][et_pb_row _builder_version=\u00bb4.27.4&#8243; _module_preset=\u00bbdefault\u00bb width=\u00bb95%\u00bb max_width=\u00bb1200px\u00bb custom_padding=\u00bb||0px|||\u00bb global_colors_info=\u00bb{}\u00bb theme_builder_area=\u00bbpost_content\u00bb][et_pb_column type=\u00bb4_4&#8243; _builder_version=\u00bb4.27.4&#8243; _module_preset=\u00bbdefault\u00bb global_colors_info=\u00bb{}\u00bb theme_builder_area=\u00bbpost_content\u00bb][et_pb_text _builder_version=\u00bb4.27.4&#8243; _module_preset=\u00bbc51a11b6-c31d-4a96-add3-c43e287e448c\u00bb global_colors_info=\u00bb{}\u00bb theme_builder_area=\u00bbpost_content\u00bb]<\/p>\n<p>Consulta todos los datos de la auditor\u00eda, as\u00ed como los indicadores de referencia:<\/p>\n<p>[\/et_pb_text][et_pb_button button_url=\u00bbhttps:\/\/www.aiguesmanresa.cat\/wp-content\/uploads\/2025\/06\/2024_MANRESA.pdf\u00bb url_new_window=\u00bbon\u00bb button_text=\u00bbAuditoria eficiencia hidr\u00e1ulica de Manresa 2024 (PDF)\u00bb _builder_version=\u00bb4.27.4&#8243; _module_preset=\u00bbdefault\u00bb global_colors_info=\u00bb{}\u00bb theme_builder_area=\u00bbpost_content\u00bb][\/et_pb_button][\/et_pb_column][\/et_pb_row][\/et_pb_section][et_pb_section fb_built=\u00bb1&#8243; admin_label=\u00bbAuditoria Manresa 2022&#8243; module_id=\u00bbseccio-auditoria-manresa-2022&#8243; module_class=\u00bbseccio-auditoria-hidraulica-municipi\u00bb _builder_version=\u00bb4.27.4&#8243; _module_preset=\u00bbdefault\u00bb custom_padding=\u00bb0px|||||\u00bb global_colors_info=\u00bb{}\u00bb theme_builder_area=\u00bbpost_content\u00bb][et_pb_row _builder_version=\u00bb4.27.4&#8243; _module_preset=\u00bbdefault\u00bb width=\u00bb95%\u00bb max_width=\u00bb1200px\u00bb custom_padding=\u00bb||0px|||\u00bb global_colors_info=\u00bb{}\u00bb theme_builder_area=\u00bbpost_content\u00bb][et_pb_column type=\u00bb4_4&#8243; _builder_version=\u00bb4.27.4&#8243; _module_preset=\u00bbdefault\u00bb global_colors_info=\u00bb{}\u00bb theme_builder_area=\u00bbpost_content\u00bb][et_pb_text _builder_version=\u00bb4.27.4&#8243; _module_preset=\u00bbfcb0796c-a4c0-4d50-a5cc-5830127e6564&#8243; custom_margin=\u00bb||2rem||false|false\u00bb global_colors_info=\u00bb{}\u00bb theme_builder_area=\u00bbpost_content\u00bb]<\/p>\n<h4>Auditoria hidr\u00e1ulica de Manresa (2022)<\/h4>\n<p>[\/et_pb_text][et_pb_text _builder_version=\u00bb4.27.4&#8243; _module_preset=\u00bbc51a11b6-c31d-4a96-add3-c43e287e448c\u00bb global_colors_info=\u00bb{}\u00bb theme_builder_area=\u00bbpost_content\u00bb]<\/p>\n<p>Volumen de entrada (VE): 6.927.343 m<sup>3<\/sup><\/p>\n<p>[\/et_pb_text][et_pb_text _builder_version=\u00bb4.27.4&#8243; _module_preset=\u00bbdefault\u00bb global_colors_info=\u00bb{}\u00bb theme_builder_area=\u00bbpost_content\u00bb]<\/p>\n<p>Este volumen debe contemplar la totalidad de las fuentes de agua tratada\/potable que se introducen en la red en baja a la que se refiere el c\u00e1lculo del balance h\u00eddrico. Este volumen de agua puede ser producido por el propio gestor y\/o importado de terceros.<\/p>\n<p>[\/et_pb_text][\/et_pb_column][\/et_pb_row][et_pb_row column_structure=\u00bb1_2,1_2&#8243; _builder_version=\u00bb4.27.4&#8243; _module_preset=\u00bbdefault\u00bb width=\u00bb95%\u00bb max_width=\u00bb1200px\u00bb custom_padding=\u00bb1rem||1rem||true|false\u00bb global_colors_info=\u00bb{}\u00bb theme_builder_area=\u00bbpost_content\u00bb][et_pb_column type=\u00bb1_2&#8243; _builder_version=\u00bb4.27.4&#8243; _module_preset=\u00bbdefault\u00bb global_colors_info=\u00bb{}\u00bb theme_builder_area=\u00bbpost_content\u00bb][et_pb_text _builder_version=\u00bb4.27.4&#8243; _module_preset=\u00bbdefault\u00bb custom_margin=\u00bb||10px||false|false\u00bb global_colors_info=\u00bb{}\u00bb theme_builder_area=\u00bbpost_content\u00bb]<\/p>\n<p>Consumo autorizado<\/p>\n<p><\/p>\n<p>El volumen de agua que toman los usuarios registrados, el gestor y otras entidades autorizadas por el gestor.<\/p>\n<p>[\/et_pb_text][et_pb_text _builder_version=\u00bb4.27.4&#8243; _module_preset=\u00bbdefault\u00bb text_text_color=\u00bb#42C0C6&#8243; global_colors_info=\u00bb{}\u00bb theme_builder_area=\u00bbpost_content\u00bb]<\/p>\n<p>El <strong>82,8%<\/strong> del volumen de entrada, concretamente 5.734.335 m<sup>3<\/sup>.<\/p>\n<p>[\/et_pb_text][\/et_pb_column][et_pb_column type=\u00bb1_2&#8243; _builder_version=\u00bb4.27.4&#8243; _module_preset=\u00bbdefault\u00bb global_colors_info=\u00bb{}\u00bb theme_builder_area=\u00bbpost_content\u00bb][et_pb_text _builder_version=\u00bb4.27.4&#8243; _module_preset=\u00bbdefault\u00bb custom_margin=\u00bb||10px||false|false\u00bb global_colors_info=\u00bb{}\u00bb theme_builder_area=\u00bbpost_content\u00bb]<\/p>\n<p>Agua no registrada o p\u00e9rdidas de agua<\/p>\n<p><\/p>\n<p>La diferencia entre el volumen de entrada en el servicio de abastecimiento y el consumo autorizado.<\/p>\n<p>[\/et_pb_text][et_pb_text _builder_version=\u00bb4.27.4&#8243; _module_preset=\u00bbdefault\u00bb text_text_color=\u00bb#42C0C6&#8243; global_colors_info=\u00bb{}\u00bb theme_builder_area=\u00bbpost_content\u00bb]<\/p>\n<p>El <strong>17,2%<\/strong> del volumen de entrada, que equivale a 1.193.008 m<sup>3<\/sup>.<\/p>\n<p>[\/et_pb_text][\/et_pb_column][\/et_pb_row][et_pb_row _builder_version=\u00bb4.27.4&#8243; _module_preset=\u00bbdefault\u00bb width=\u00bb95%\u00bb max_width=\u00bb1200px\u00bb custom_padding=\u00bb||0px|||\u00bb global_colors_info=\u00bb{}\u00bb theme_builder_area=\u00bbpost_content\u00bb][et_pb_column type=\u00bb4_4&#8243; _builder_version=\u00bb4.27.4&#8243; _module_preset=\u00bbdefault\u00bb global_colors_info=\u00bb{}\u00bb theme_builder_area=\u00bbpost_content\u00bb][et_pb_text _builder_version=\u00bb4.27.4&#8243; _module_preset=\u00bbc51a11b6-c31d-4a96-add3-c43e287e448c\u00bb global_colors_info=\u00bb{}\u00bb theme_builder_area=\u00bbpost_content\u00bb]<\/p>\n<p>Agua no registrada o p\u00e9rdidas de agua<\/p>\n<p>[\/et_pb_text][\/et_pb_column][\/et_pb_row][et_pb_row column_structure=\u00bb1_2,1_2&#8243; _builder_version=\u00bb4.27.4&#8243; _module_preset=\u00bbdefault\u00bb width=\u00bb95%\u00bb max_width=\u00bb1200px\u00bb custom_padding=\u00bb1rem||1rem||true|false\u00bb global_colors_info=\u00bb{}\u00bb theme_builder_area=\u00bbpost_content\u00bb][et_pb_column type=\u00bb1_2&#8243; _builder_version=\u00bb4.27.4&#8243; _module_preset=\u00bbdefault\u00bb global_colors_info=\u00bb{}\u00bb theme_builder_area=\u00bbpost_content\u00bb][et_pb_text _builder_version=\u00bb4.27.4&#8243; _module_preset=\u00bbdefault\u00bb custom_margin=\u00bb||10px||false|false\u00bb global_colors_info=\u00bb{}\u00bb theme_builder_area=\u00bbpost_content\u00bb]<\/p>\n<p id=\"tw-target-text\" class=\"tw-data-text tw-text-large tw-ta\" dir=\"ltr\" data-placeholder=\"Traducci\u00f3\" data-ved=\"2ahUKEwjovMGRr_-NAxXJVUEAHdTaK6cQ3ewLegQIChAV\" aria-label=\"Text tradu\u00eft: P\u00e9rdidas aparentes o comerciales\n\nLas p\u00e9rdidas aparentes incluyen todo tipo de inexactitudes asociadas a los instrumentos de medida utilizados para cuantificar el consumo de los usuarios, as\u00ed como los errores en la lectura de los contadores y el tratamiento de los datos, as\u00ed como las inconsistencias en el proceso de cuantificaci\u00f3n de los consumos. Adicionalmente, este componente incluye cualquier consumo no autorizado de agua, ya sea por robo, utilizaci\u00f3n de acometidas ilegales al servicio de abastecimiento, manipulaci\u00f3n de los equipos de medida, y otros usos ileg\u00edtimos no declarados.\"><span class=\"Y2IQFc\" lang=\"es\">P\u00e9rdidas aparentes o comerciales <\/span><\/p>\n<p><\/p>\n<p class=\"tw-data-text tw-text-large tw-ta\" dir=\"ltr\" data-placeholder=\"Traducci\u00f3\" data-ved=\"2ahUKEwjovMGRr_-NAxXJVUEAHdTaK6cQ3ewLegQIChAV\" aria-label=\"Text tradu\u00eft: P\u00e9rdidas aparentes o comerciales\n\nLas p\u00e9rdidas aparentes incluyen todo tipo de inexactitudes asociadas a los instrumentos de medida utilizados para cuantificar el consumo de los usuarios, as\u00ed como los errores en la lectura de los contadores y el tratamiento de los datos, as\u00ed como las inconsistencias en el proceso de cuantificaci\u00f3n de los consumos. Adicionalmente, este componente incluye cualquier consumo no autorizado de agua, ya sea por robo, utilizaci\u00f3n de acometidas ilegales al servicio de abastecimiento, manipulaci\u00f3n de los equipos de medida, y otros usos ileg\u00edtimos no declarados.\"><span class=\"Y2IQFc\" lang=\"es\">Las p\u00e9rdidas aparentes incluyen todo tipo de inexactitudes asociadas a los instrumentos de medida utilizados para cuantificar el consumo de los usuarios, as\u00ed como los errores en la lectura de los contadores y el tratamiento de los datos, as\u00ed como las inconsistencias en el proceso de cuantificaci\u00f3n de los consumos. Adicionalmente, este componente incluye cualquier consumo no autorizado de agua, ya sea por robo, utilizaci\u00f3n de acometidas ilegales al servicio de abastecimiento, manipulaci\u00f3n de los equipos de medida, y otros usos ileg\u00edtimos no declarados.<\/span><\/p>\n<p>[\/et_pb_text][et_pb_text _builder_version=\u00bb4.27.4&#8243; _module_preset=\u00bbdefault\u00bb text_text_color=\u00bb#42C0C6&#8243; hover_enabled=\u00bb0&#8243; global_colors_info=\u00bb{}\u00bb theme_builder_area=\u00bbpost_content\u00bb sticky_enabled=\u00bb0&#8243;]<\/p>\n<p>Representa el <strong>5,3% del Volumen de Entrada<\/strong>. Unos 366.100 m<sup>3<\/sup>.<\/p>\n<p>[\/et_pb_text][\/et_pb_column][et_pb_column type=\u00bb1_2&#8243; _builder_version=\u00bb4.27.4&#8243; _module_preset=\u00bbdefault\u00bb global_colors_info=\u00bb{}\u00bb theme_builder_area=\u00bbpost_content\u00bb][et_pb_text _builder_version=\u00bb4.27.4&#8243; _module_preset=\u00bbdefault\u00bb custom_margin=\u00bb||10px||false|false\u00bb global_colors_info=\u00bb{}\u00bb theme_builder_area=\u00bbpost_content\u00bb]<\/p>\n<p>P\u00e9rdidas reales<\/p>\n<p><\/p>\n<p>P\u00e9rdidas reales que se producen en la red y los dep\u00f3sitos de almacenamiento que pertenecen al servicio de abastecimiento. Es el volumen perdido a trav\u00e9s de todos los tipos de escapes, roturas de tuber\u00edas, desbordamientos de dep\u00f3sitos, etc.<\/p>\n<p>[\/et_pb_text][et_pb_text _builder_version=\u00bb4.27.4&#8243; _module_preset=\u00bbdefault\u00bb text_text_color=\u00bb#42C0C6&#8243; custom_margin=\u00bb1px|||||\u00bb hover_enabled=\u00bb0&#8243; global_colors_info=\u00bb{}\u00bb theme_builder_area=\u00bbpost_content\u00bb sticky_enabled=\u00bb0&#8243;]<\/p>\n<p>Representa el <strong>11,9% del Volumen de Entrada<\/strong>. Unos 826.907 m<sup>3<\/sup>.<\/p>\n<p>[\/et_pb_text][\/et_pb_column][\/et_pb_row][et_pb_row _builder_version=\u00bb4.27.4&#8243; _module_preset=\u00bbdefault\u00bb width=\u00bb95%\u00bb max_width=\u00bb1200px\u00bb custom_padding=\u00bb||0px|||\u00bb global_colors_info=\u00bb{}\u00bb theme_builder_area=\u00bbpost_content\u00bb][et_pb_column type=\u00bb4_4&#8243; _builder_version=\u00bb4.27.4&#8243; _module_preset=\u00bbdefault\u00bb global_colors_info=\u00bb{}\u00bb theme_builder_area=\u00bbpost_content\u00bb][et_pb_text _builder_version=\u00bb4.27.4&#8243; _module_preset=\u00bbc51a11b6-c31d-4a96-add3-c43e287e448c\u00bb global_colors_info=\u00bb{}\u00bb theme_builder_area=\u00bbpost_content\u00bb]<\/p>\n<p>P\u00e9rdidas aparentes o comerciales<\/p>\n<p>[\/et_pb_text][\/et_pb_column][\/et_pb_row][et_pb_row column_structure=\u00bb1_2,1_2&#8243; _builder_version=\u00bb4.27.4&#8243; _module_preset=\u00bbdefault\u00bb width=\u00bb95%\u00bb max_width=\u00bb1200px\u00bb custom_padding=\u00bb1rem||1rem||true|false\u00bb global_colors_info=\u00bb{}\u00bb theme_builder_area=\u00bbpost_content\u00bb][et_pb_column type=\u00bb1_2&#8243; _builder_version=\u00bb4.27.4&#8243; _module_preset=\u00bbdefault\u00bb global_colors_info=\u00bb{}\u00bb theme_builder_area=\u00bbpost_content\u00bb][et_pb_text _builder_version=\u00bb4.27.4&#8243; _module_preset=\u00bbdefault\u00bb custom_margin=\u00bb||10px||false|false\u00bb global_colors_info=\u00bb{}\u00bb theme_builder_area=\u00bbpost_content\u00bb]<\/p>\n<p>Consumos no autorizados<\/p>\n<p><\/p>\n<p>El consumo no autorizado es cualquier uso il\u00edcito de agua.<\/p>\n<p>[\/et_pb_text][et_pb_text _builder_version=\u00bb4.27.4&#8243; _module_preset=\u00bbdefault\u00bb text_text_color=\u00bb#42C0C6&#8243; global_colors_info=\u00bb{}\u00bb theme_builder_area=\u00bbpost_content\u00bb]<\/p>\n<p>Representa el <strong>0,5% del Volumen de Entrada<\/strong>. Unos 37.454 m<sup>3<\/sup>.<\/p>\n<p>[\/et_pb_text][\/et_pb_column][et_pb_column type=\u00bb1_2&#8243; _builder_version=\u00bb4.27.4&#8243; _module_preset=\u00bbdefault\u00bb global_colors_info=\u00bb{}\u00bb theme_builder_area=\u00bbpost_content\u00bb][et_pb_text _builder_version=\u00bb4.27.4&#8243; _module_preset=\u00bbdefault\u00bb custom_margin=\u00bb||10px||false|false\u00bb global_colors_info=\u00bb{}\u00bb theme_builder_area=\u00bbpost_content\u00bb]<\/p>\n<p>Errores de los contadores<\/p>\n<p><\/p>\n<p>Es la porci\u00f3n del verdadero volumen consumido por los abonados que los contadores no son capaces de registrar por sus limitaciones metrol\u00f3gicas.<\/p>\n<p>[\/et_pb_text][et_pb_text _builder_version=\u00bb4.27.4&#8243; _module_preset=\u00bbdefault\u00bb text_text_color=\u00bb#42C0C6&#8243; custom_margin=\u00bb1px|||||\u00bb hover_enabled=\u00bb0&#8243; global_colors_info=\u00bb{}\u00bb theme_builder_area=\u00bbpost_content\u00bb sticky_enabled=\u00bb0&#8243;]<\/p>\n<p>Representa el <strong>4,7% del Volumen de Entrada<\/strong>. Unos 328.646 m<sup>3<\/sup>.<\/p>\n<p>[\/et_pb_text][\/et_pb_column][\/et_pb_row][et_pb_row _builder_version=\u00bb4.27.4&#8243; _module_preset=\u00bbdefault\u00bb width=\u00bb95%\u00bb max_width=\u00bb1200px\u00bb custom_padding=\u00bb||0px|||\u00bb global_colors_info=\u00bb{}\u00bb theme_builder_area=\u00bbpost_content\u00bb][et_pb_column type=\u00bb4_4&#8243; _builder_version=\u00bb4.27.4&#8243; _module_preset=\u00bbdefault\u00bb global_colors_info=\u00bb{}\u00bb theme_builder_area=\u00bbpost_content\u00bb][et_pb_text _builder_version=\u00bb4.27.4&#8243; _module_preset=\u00bbc51a11b6-c31d-4a96-add3-c43e287e448c\u00bb global_colors_info=\u00bb{}\u00bb theme_builder_area=\u00bbpost_content\u00bb]<\/p>\n<p>Consulta todos los datos de la auditor\u00eda, as\u00ed como los indicadores de referencia:<\/p>\n<p>[\/et_pb_text][et_pb_button button_url=\u00bbhttps:\/\/www.aiguesmanresa.cat\/wp-content\/uploads\/2024\/03\/Auditoria-Hidraulica-Manresa-2022.pdf\u00bb url_new_window=\u00bbon\u00bb button_text=\u00bbAuditoria eficiencia hidr\u00e1ulica de Manresa 2022 (PDF)\u00bb _builder_version=\u00bb4.27.4&#8243; _module_preset=\u00bbdefault\u00bb global_colors_info=\u00bb{}\u00bb theme_builder_area=\u00bbpost_content\u00bb][\/et_pb_button][\/et_pb_column][\/et_pb_row][\/et_pb_section][et_pb_section fb_built=\u00bb1&#8243; admin_label=\u00bbAuditoria Sant Joan Vilatorrada 2024&#8243; module_id=\u00bbseccio-auditoria-sant-joan-vilatorrada-2024&#8243; module_class=\u00bbseccio-auditoria-hidraulica-municipi\u00bb _builder_version=\u00bb4.27.4&#8243; _module_preset=\u00bbdefault\u00bb custom_padding=\u00bb0px|||||\u00bb global_colors_info=\u00bb{}\u00bb theme_builder_area=\u00bbpost_content\u00bb][et_pb_row _builder_version=\u00bb4.27.4&#8243; _module_preset=\u00bbdefault\u00bb width=\u00bb95%\u00bb max_width=\u00bb1200px\u00bb custom_padding=\u00bb||0px|||\u00bb global_colors_info=\u00bb{}\u00bb theme_builder_area=\u00bbpost_content\u00bb][et_pb_column type=\u00bb4_4&#8243; _builder_version=\u00bb4.27.4&#8243; _module_preset=\u00bbdefault\u00bb global_colors_info=\u00bb{}\u00bb theme_builder_area=\u00bbpost_content\u00bb][et_pb_text _builder_version=\u00bb4.27.4&#8243; _module_preset=\u00bbfcb0796c-a4c0-4d50-a5cc-5830127e6564&#8243; custom_margin=\u00bb||2rem||false|false\u00bb global_colors_info=\u00bb{}\u00bb theme_builder_area=\u00bbpost_content\u00bb]<\/p>\n<h4>Auditoria hidr\u00e1ulica de Sant Joan de Vilatorrada (2024)<\/h4>\n<p>[\/et_pb_text][et_pb_text _builder_version=\u00bb4.27.4&#8243; _module_preset=\u00bbc51a11b6-c31d-4a96-add3-c43e287e448c\u00bb global_colors_info=\u00bb{}\u00bb theme_builder_area=\u00bbpost_content\u00bb]<\/p>\n<p>Volumen de entrada (VE): 730.347 m<sup>3<\/sup><\/p>\n<p>[\/et_pb_text][et_pb_text _builder_version=\u00bb4.27.4&#8243; _module_preset=\u00bbdefault\u00bb global_colors_info=\u00bb{}\u00bb theme_builder_area=\u00bbpost_content\u00bb]<\/p>\n<p>Este volumen debe contemplar la totalidad de las fuentes de agua tratada\/potable que se introducen en la red en baja a la que se refiere el c\u00e1lculo del balance h\u00eddrico. Este volumen de agua puede ser producido por el propio gestor y\/o importado de terceros.<\/p>\n<p>[\/et_pb_text][\/et_pb_column][\/et_pb_row][et_pb_row column_structure=\u00bb1_2,1_2&#8243; _builder_version=\u00bb4.27.4&#8243; _module_preset=\u00bbdefault\u00bb width=\u00bb95%\u00bb max_width=\u00bb1200px\u00bb custom_padding=\u00bb1rem||1rem||true|false\u00bb global_colors_info=\u00bb{}\u00bb theme_builder_area=\u00bbpost_content\u00bb][et_pb_column type=\u00bb1_2&#8243; _builder_version=\u00bb4.27.4&#8243; _module_preset=\u00bbdefault\u00bb global_colors_info=\u00bb{}\u00bb theme_builder_area=\u00bbpost_content\u00bb][et_pb_text _builder_version=\u00bb4.27.4&#8243; _module_preset=\u00bbdefault\u00bb custom_margin=\u00bb||10px||false|false\u00bb global_colors_info=\u00bb{}\u00bb theme_builder_area=\u00bbpost_content\u00bb]<\/p>\n<p>Consumo autorizado<\/p>\n<p><\/p>\n<p>El volumen de agua que toman los usuarios registrados, el gestor y otras entidades autorizadas por el gestor.<\/p>\n<p>[\/et_pb_text][et_pb_text _builder_version=\u00bb4.27.4&#8243; _module_preset=\u00bbdefault\u00bb text_text_color=\u00bb#42C0C6&#8243; global_colors_info=\u00bb{}\u00bb theme_builder_area=\u00bbpost_content\u00bb]<\/p>\n<p>El <strong>84,6%<\/strong> del volumen de entrada, concretamente 617.739 m<sup>3<\/sup>.<\/p>\n<p>[\/et_pb_text][\/et_pb_column][et_pb_column type=\u00bb1_2&#8243; _builder_version=\u00bb4.27.4&#8243; _module_preset=\u00bbdefault\u00bb global_colors_info=\u00bb{}\u00bb theme_builder_area=\u00bbpost_content\u00bb][et_pb_text _builder_version=\u00bb4.27.4&#8243; _module_preset=\u00bbdefault\u00bb custom_margin=\u00bb||10px||false|false\u00bb global_colors_info=\u00bb{}\u00bb theme_builder_area=\u00bbpost_content\u00bb]<\/p>\n<p>Agua no registrada o p\u00e9rdidas de agua<\/p>\n<p><\/p>\n<p>La diferencia entre el volumen de entrada en el servicio de abastecimiento y el consumo autorizado.<\/p>\n<p>[\/et_pb_text][et_pb_text _builder_version=\u00bb4.27.4&#8243; _module_preset=\u00bbdefault\u00bb text_text_color=\u00bb#42C0C6&#8243; global_colors_info=\u00bb{}\u00bb theme_builder_area=\u00bbpost_content\u00bb]<\/p>\n<p>El <strong>15,4%<\/strong> del volumen de entrada, que equivale a 112.608 m<sup>3<\/sup>.<\/p>\n<p>[\/et_pb_text][\/et_pb_column][\/et_pb_row][et_pb_row _builder_version=\u00bb4.27.4&#8243; _module_preset=\u00bbdefault\u00bb width=\u00bb95%\u00bb max_width=\u00bb1200px\u00bb custom_padding=\u00bb||0px|||\u00bb global_colors_info=\u00bb{}\u00bb theme_builder_area=\u00bbpost_content\u00bb][et_pb_column type=\u00bb4_4&#8243; _builder_version=\u00bb4.27.4&#8243; _module_preset=\u00bbdefault\u00bb global_colors_info=\u00bb{}\u00bb theme_builder_area=\u00bbpost_content\u00bb][et_pb_text _builder_version=\u00bb4.27.4&#8243; _module_preset=\u00bbc51a11b6-c31d-4a96-add3-c43e287e448c\u00bb global_colors_info=\u00bb{}\u00bb theme_builder_area=\u00bbpost_content\u00bb]<\/p>\n<p>Agua no registrada o p\u00e9rdidas de agua<\/p>\n<p>[\/et_pb_text][\/et_pb_column][\/et_pb_row][et_pb_row column_structure=\u00bb1_2,1_2&#8243; _builder_version=\u00bb4.27.4&#8243; _module_preset=\u00bbdefault\u00bb width=\u00bb95%\u00bb max_width=\u00bb1200px\u00bb custom_padding=\u00bb1rem||1rem||true|false\u00bb global_colors_info=\u00bb{}\u00bb theme_builder_area=\u00bbpost_content\u00bb][et_pb_column type=\u00bb1_2&#8243; _builder_version=\u00bb4.27.4&#8243; _module_preset=\u00bbdefault\u00bb global_colors_info=\u00bb{}\u00bb theme_builder_area=\u00bbpost_content\u00bb][et_pb_text _builder_version=\u00bb4.27.4&#8243; _module_preset=\u00bbdefault\u00bb custom_margin=\u00bb||10px||false|false\u00bb global_colors_info=\u00bb{}\u00bb theme_builder_area=\u00bbpost_content\u00bb]<\/p>\n<p id=\"tw-target-text\" class=\"tw-data-text tw-text-large tw-ta\" dir=\"ltr\" data-placeholder=\"Traducci\u00f3\" data-ved=\"2ahUKEwjovMGRr_-NAxXJVUEAHdTaK6cQ3ewLegQIChAV\" aria-label=\"Text tradu\u00eft: P\u00e9rdidas aparentes o comerciales\n\nLas p\u00e9rdidas aparentes incluyen todo tipo de inexactitudes asociadas a los instrumentos de medida utilizados para cuantificar el consumo de los usuarios, as\u00ed como los errores en la lectura de los contadores y el tratamiento de los datos, as\u00ed como las inconsistencias en el proceso de cuantificaci\u00f3n de los consumos. Adicionalmente, este componente incluye cualquier consumo no autorizado de agua, ya sea por robo, utilizaci\u00f3n de acometidas ilegales al servicio de abastecimiento, manipulaci\u00f3n de los equipos de medida, y otros usos ileg\u00edtimos no declarados.\"><span class=\"Y2IQFc\" lang=\"es\">P\u00e9rdidas aparentes o comerciales <\/span><\/p>\n<p><\/p>\n<p class=\"tw-data-text tw-text-large tw-ta\" dir=\"ltr\" data-placeholder=\"Traducci\u00f3\" data-ved=\"2ahUKEwjovMGRr_-NAxXJVUEAHdTaK6cQ3ewLegQIChAV\" aria-label=\"Text tradu\u00eft: P\u00e9rdidas aparentes o comerciales\n\nLas p\u00e9rdidas aparentes incluyen todo tipo de inexactitudes asociadas a los instrumentos de medida utilizados para cuantificar el consumo de los usuarios, as\u00ed como los errores en la lectura de los contadores y el tratamiento de los datos, as\u00ed como las inconsistencias en el proceso de cuantificaci\u00f3n de los consumos. Adicionalmente, este componente incluye cualquier consumo no autorizado de agua, ya sea por robo, utilizaci\u00f3n de acometidas ilegales al servicio de abastecimiento, manipulaci\u00f3n de los equipos de medida, y otros usos ileg\u00edtimos no declarados.\"><span class=\"Y2IQFc\" lang=\"es\">Las p\u00e9rdidas aparentes incluyen todo tipo de inexactitudes asociadas a los instrumentos de medida utilizados para cuantificar el consumo de los usuarios, as\u00ed como los errores en la lectura de los contadores y el tratamiento de los datos, as\u00ed como las inconsistencias en el proceso de cuantificaci\u00f3n de los consumos. Adicionalmente, este componente incluye cualquier consumo no autorizado de agua, ya sea por robo, utilizaci\u00f3n de acometidas ilegales al servicio de abastecimiento, manipulaci\u00f3n de los equipos de medida, y otros usos ileg\u00edtimos no declarados.<\/span><\/p>\n<p>[\/et_pb_text][et_pb_text _builder_version=\u00bb4.27.4&#8243; _module_preset=\u00bbdefault\u00bb text_text_color=\u00bb#42C0C6&#8243; hover_enabled=\u00bb0&#8243; global_colors_info=\u00bb{}\u00bb theme_builder_area=\u00bbpost_content\u00bb sticky_enabled=\u00bb0&#8243;]<\/p>\n<p>Representa el <strong>7,1% del Volumen de Entrada<\/strong>. Unos 51.850 m<sup>3<\/sup>.<\/p>\n<p>[\/et_pb_text][\/et_pb_column][et_pb_column type=\u00bb1_2&#8243; _builder_version=\u00bb4.27.4&#8243; _module_preset=\u00bbdefault\u00bb global_colors_info=\u00bb{}\u00bb theme_builder_area=\u00bbpost_content\u00bb][et_pb_text _builder_version=\u00bb4.27.4&#8243; _module_preset=\u00bbdefault\u00bb custom_margin=\u00bb||10px||false|false\u00bb global_colors_info=\u00bb{}\u00bb theme_builder_area=\u00bbpost_content\u00bb]<\/p>\n<p>P\u00e9rdidas reales<\/p>\n<p><\/p>\n<p>P\u00e9rdidas reales que se producen en la red y los dep\u00f3sitos de almacenamiento que pertenecen al servicio de abastecimiento. Es el volumen perdido a trav\u00e9s de todos los tipos de escapes, roturas de tuber\u00edas, desbordamientos de dep\u00f3sitos, etc.<\/p>\n<p>[\/et_pb_text][et_pb_text _builder_version=\u00bb4.27.4&#8243; _module_preset=\u00bbdefault\u00bb text_text_color=\u00bb#42C0C6&#8243; custom_margin=\u00bb1px|||||\u00bb hover_enabled=\u00bb0&#8243; global_colors_info=\u00bb{}\u00bb theme_builder_area=\u00bbpost_content\u00bb sticky_enabled=\u00bb0&#8243;]<\/p>\n<p>Representa el <strong>8,3% del Volumen de Entrada<\/strong>. Unos 60.758 m<sup>3<\/sup>.<\/p>\n<p>[\/et_pb_text][\/et_pb_column][\/et_pb_row][et_pb_row _builder_version=\u00bb4.27.4&#8243; _module_preset=\u00bbdefault\u00bb width=\u00bb95%\u00bb max_width=\u00bb1200px\u00bb custom_padding=\u00bb||0px|||\u00bb global_colors_info=\u00bb{}\u00bb theme_builder_area=\u00bbpost_content\u00bb][et_pb_column type=\u00bb4_4&#8243; _builder_version=\u00bb4.27.4&#8243; _module_preset=\u00bbdefault\u00bb global_colors_info=\u00bb{}\u00bb theme_builder_area=\u00bbpost_content\u00bb][et_pb_text _builder_version=\u00bb4.27.4&#8243; _module_preset=\u00bbc51a11b6-c31d-4a96-add3-c43e287e448c\u00bb global_colors_info=\u00bb{}\u00bb theme_builder_area=\u00bbpost_content\u00bb]<\/p>\n<p>P\u00e9rdidas aparentes o comerciales<\/p>\n<p>[\/et_pb_text][\/et_pb_column][\/et_pb_row][et_pb_row column_structure=\u00bb1_2,1_2&#8243; _builder_version=\u00bb4.27.4&#8243; _module_preset=\u00bbdefault\u00bb width=\u00bb95%\u00bb max_width=\u00bb1200px\u00bb custom_padding=\u00bb1rem||1rem||true|false\u00bb global_colors_info=\u00bb{}\u00bb theme_builder_area=\u00bbpost_content\u00bb][et_pb_column type=\u00bb1_2&#8243; _builder_version=\u00bb4.27.4&#8243; _module_preset=\u00bbdefault\u00bb global_colors_info=\u00bb{}\u00bb theme_builder_area=\u00bbpost_content\u00bb][et_pb_text _builder_version=\u00bb4.27.4&#8243; _module_preset=\u00bbdefault\u00bb custom_margin=\u00bb||10px||false|false\u00bb global_colors_info=\u00bb{}\u00bb theme_builder_area=\u00bbpost_content\u00bb]<\/p>\n<p>Consumos no autorizados<\/p>\n<p><\/p>\n<p>El consumo no autorizado es cualquier uso il\u00edcito de agua.<\/p>\n<p>[\/et_pb_text][et_pb_text _builder_version=\u00bb4.27.4&#8243; _module_preset=\u00bbdefault\u00bb text_text_color=\u00bb#42C0C6&#8243; global_colors_info=\u00bb{}\u00bb theme_builder_area=\u00bbpost_content\u00bb]<\/p>\n<p>Representa el <strong>0,1% del Volumen de Entrada<\/strong>. Unos 1.008 m<sup>3<\/sup>.<\/p>\n<p>[\/et_pb_text][\/et_pb_column][et_pb_column type=\u00bb1_2&#8243; _builder_version=\u00bb4.27.4&#8243; _module_preset=\u00bbdefault\u00bb global_colors_info=\u00bb{}\u00bb theme_builder_area=\u00bbpost_content\u00bb][et_pb_text _builder_version=\u00bb4.27.4&#8243; _module_preset=\u00bbdefault\u00bb custom_margin=\u00bb||10px||false|false\u00bb global_colors_info=\u00bb{}\u00bb theme_builder_area=\u00bbpost_content\u00bb]<\/p>\n<p>Errores de los contadores<\/p>\n<p><\/p>\n<p>Es la porci\u00f3n del verdadero volumen consumido por los abonados que los contadores no son capaces de registrar por sus limitaciones metrol\u00f3gicas.<\/p>\n<p>[\/et_pb_text][et_pb_text _builder_version=\u00bb4.27.4&#8243; _module_preset=\u00bbdefault\u00bb text_text_color=\u00bb#42C0C6&#8243; custom_margin=\u00bb1px|||||\u00bb hover_enabled=\u00bb0&#8243; global_colors_info=\u00bb{}\u00bb theme_builder_area=\u00bbpost_content\u00bb sticky_enabled=\u00bb0&#8243;]<\/p>\n<p>Representa el <strong>7,0% del Volumen de Entrada<\/strong>. Unos 50.842 m<sup>3<\/sup>.<\/p>\n<p>[\/et_pb_text][\/et_pb_column][\/et_pb_row][et_pb_row _builder_version=\u00bb4.27.4&#8243; _module_preset=\u00bbdefault\u00bb width=\u00bb95%\u00bb max_width=\u00bb1200px\u00bb custom_padding=\u00bb||0px|||\u00bb global_colors_info=\u00bb{}\u00bb theme_builder_area=\u00bbpost_content\u00bb][et_pb_column type=\u00bb4_4&#8243; _builder_version=\u00bb4.27.4&#8243; _module_preset=\u00bbdefault\u00bb global_colors_info=\u00bb{}\u00bb theme_builder_area=\u00bbpost_content\u00bb][et_pb_text _builder_version=\u00bb4.27.4&#8243; _module_preset=\u00bbc51a11b6-c31d-4a96-add3-c43e287e448c\u00bb global_colors_info=\u00bb{}\u00bb theme_builder_area=\u00bbpost_content\u00bb]<\/p>\n<p>Consulta todos los datos de la auditor\u00eda, as\u00ed como los indicadores de referencia:<\/p>\n<p>[\/et_pb_text][et_pb_button button_url=\u00bbhttps:\/\/www.aiguesmanresa.cat\/wp-content\/uploads\/2025\/06\/2024_SJV_SMT.pdf\u00bb url_new_window=\u00bbon\u00bb button_text=\u00bbAuditoria eficiencia hidr\u00e1ulica de Sant Joan de Vilatorrada 2024 (PDF)\u00bb _builder_version=\u00bb4.27.4&#8243; _module_preset=\u00bbdefault\u00bb global_colors_info=\u00bb{}\u00bb theme_builder_area=\u00bbpost_content\u00bb][\/et_pb_button][\/et_pb_column][\/et_pb_row][\/et_pb_section]<\/p>\n","protected":false},"excerpt":{"rendered":"<p>La auditor\u00eda de eficiencia hidr\u00e1ulica resume los distintos or\u00edgenes y destinos de los vol\u00famenes de agua utilizados en el servicio de abastecimiento.<\/p>\n","protected":false},"author":1,"featured_media":2838,"parent":6927,"menu_order":21,"comment_status":"closed","ping_status":"closed","template":"","meta":{"_et_pb_use_builder":"on","_et_pb_old_content":"","_et_gb_content_width":"","footnotes":""},"class_list":["post-13305","page","type-page","status-publish","has-post-thumbnail","hentry"],"_links":{"self":[{"href":"https:\/\/www.aiguesmanresa.cat\/es\/wp-json\/wp\/v2\/pages\/13305","targetHints":{"allow":["GET"]}}],"collection":[{"href":"https:\/\/www.aiguesmanresa.cat\/es\/wp-json\/wp\/v2\/pages"}],"about":[{"href":"https:\/\/www.aiguesmanresa.cat\/es\/wp-json\/wp\/v2\/types\/page"}],"author":[{"embeddable":true,"href":"https:\/\/www.aiguesmanresa.cat\/es\/wp-json\/wp\/v2\/users\/1"}],"replies":[{"embeddable":true,"href":"https:\/\/www.aiguesmanresa.cat\/es\/wp-json\/wp\/v2\/comments?post=13305"}],"version-history":[{"count":0,"href":"https:\/\/www.aiguesmanresa.cat\/es\/wp-json\/wp\/v2\/pages\/13305\/revisions"}],"up":[{"embeddable":true,"href":"https:\/\/www.aiguesmanresa.cat\/es\/wp-json\/wp\/v2\/pages\/6927"}],"wp:featuredmedia":[{"embeddable":true,"href":"https:\/\/www.aiguesmanresa.cat\/es\/wp-json\/wp\/v2\/media\/2838"}],"wp:attachment":[{"href":"https:\/\/www.aiguesmanresa.cat\/es\/wp-json\/wp\/v2\/media?parent=13305"}],"curies":[{"name":"wp","href":"https:\/\/api.w.org\/{rel}","templated":true}]}}